{"id":195,"date":"2022-08-14T23:29:52","date_gmt":"2022-08-14T23:29:52","guid":{"rendered":"https:\/\/amyt.org\/?page_id=195"},"modified":"2022-09-28T23:41:34","modified_gmt":"2022-09-28T23:41:34","slug":"gabriela-morales-estrada","status":"publish","type":"page","link":"https:\/\/amyt.org\/index.php\/nosotros\/gabriela-morales-estrada\/","title":{"rendered":"Gabriela Morales Estrada"},"content":{"rendered":"<p>[et_pb_section fb_built=&#8221;1&#8243; admin_label=&#8221;Header&#8221; _builder_version=&#8221;4.17.6&#8243; _module_preset=&#8221;default&#8221; background_image=&#8221;https:\/\/amyt.org\/wp-content\/uploads\/2022\/08\/Diseno-sin-titulo.png&#8221; parallax=&#8221;on&#8221; custom_padding=&#8221;8vw||16vw||false|false&#8221; locked=&#8221;off&#8221; global_colors_info=&#8221;{}&#8221;][et_pb_row _builder_version=&#8221;4.16&#8243; _module_preset=&#8221;default&#8221; transform_scale_last_edited=&#8221;off|desktop&#8221; transform_translate_tablet=&#8221;0px|200px&#8221; transform_translate_phone=&#8221;0px|80px&#8221; transform_translate_last_edited=&#8221;off|desktop&#8221; transform_rotate_last_edited=&#8221;off|desktop&#8221; transform_skew_last_edited=&#8221;off|desktop&#8221; transform_origin_last_edited=&#8221;off|desktop&#8221; global_colors_info=&#8221;{}&#8221;][et_pb_column type=&#8221;4_4&#8243; _builder_version=&#8221;4.16&#8243; _module_preset=&#8221;default&#8221; global_colors_info=&#8221;{}&#8221;][et_pb_divider show_divider=&#8221;off&#8221; _builder_version=&#8221;4.17.6&#8243; _module_preset=&#8221;default&#8221; custom_margin=&#8221;50px||||false|false&#8221; global_colors_info=&#8221;{}&#8221;][\/et_pb_divider][\/et_pb_column][\/et_pb_row][et_pb_row _builder_version=&#8221;4.17.6&#8243; _module_preset=&#8221;default&#8221; global_colors_info=&#8221;{}&#8221;][et_pb_column type=&#8221;4_4&#8243; _builder_version=&#8221;4.17.6&#8243; _module_preset=&#8221;default&#8221; global_colors_info=&#8221;{}&#8221;][et_pb_social_media_follow _builder_version=&#8221;4.17.6&#8243; _module_preset=&#8221;default&#8221; global_colors_info=&#8221;{}&#8221;][et_pb_social_media_follow_network social_network=&#8221;facebook&#8221; _builder_version=&#8221;4.17.6&#8243; _module_preset=&#8221;default&#8221; background_color=&#8221;#3b5998&#8243; global_colors_info=&#8221;{}&#8221; follow_button=&#8221;off&#8221; url_new_window=&#8221;on&#8221;]facebook[\/et_pb_social_media_follow_network][et_pb_social_media_follow_network social_network=&#8221;twitter&#8221; _builder_version=&#8221;4.17.6&#8243; _module_preset=&#8221;default&#8221; background_color=&#8221;#00aced&#8221; global_colors_info=&#8221;{}&#8221; follow_button=&#8221;off&#8221; url_new_window=&#8221;on&#8221;]twitter[\/et_pb_social_media_follow_network][\/et_pb_social_media_follow][\/et_pb_column][\/et_pb_row][et_pb_row _builder_version=&#8221;4.16&#8243; _module_preset=&#8221;default&#8221; positioning=&#8221;absolute&#8221; position_origin_a=&#8221;bottom_center&#8221; width=&#8221;100%&#8221; max_width=&#8221;none&#8221; custom_padding=&#8221;0px||0px||true|false&#8221; global_colors_info=&#8221;{}&#8221;][et_pb_column type=&#8221;4_4&#8243; _builder_version=&#8221;4.16&#8243; _module_preset=&#8221;default&#8221; global_colors_info=&#8221;{}&#8221;][et_pb_divider show_divider=&#8221;off&#8221; _builder_version=&#8221;4.17.6&#8243; _module_preset=&#8221;default&#8221; custom_margin=&#8221;20px||||false|false&#8221; global_colors_info=&#8221;{}&#8221;][\/et_pb_divider][et_pb_image src=&#8221;https:\/\/amyt.org\/wp-content\/uploads\/2022\/08\/nursing-home_53.png&#8221; title_text=&#8221;nursing-home_53&#8243; _builder_version=&#8221;4.17.6&#8243; _module_preset=&#8221;default&#8221; global_colors_info=&#8221;{}&#8221;][\/et_pb_image][\/et_pb_column][\/et_pb_row][\/et_pb_section][et_pb_section fb_built=&#8221;1&#8243; custom_padding_last_edited=&#8221;on|phone&#8221; admin_label=&#8221;About&#8221; _builder_version=&#8221;4.16&#8243; _module_preset=&#8221;default&#8221; custom_padding=&#8221;100px|||||&#8221; custom_padding_tablet=&#8221;0px||||false|false&#8221; custom_padding_phone=&#8221;0px||||false|false&#8221; global_colors_info=&#8221;{}&#8221;][et_pb_row _builder_version=&#8221;4.18.0&#8243; _module_preset=&#8221;default&#8221; global_colors_info=&#8221;{}&#8221;][et_pb_column type=&#8221;4_4&#8243; _builder_version=&#8221;4.18.0&#8243; _module_preset=&#8221;default&#8221; global_colors_info=&#8221;{}&#8221;][et_pb_text _builder_version=&#8221;4.18.0&#8243; _module_preset=&#8221;5c989a74-8649-4b9a-a4a2-6d2b8ae2551c&#8221; header_3_font_size=&#8221;32px&#8221; header_4_font=&#8221;|700||on|||||&#8221; header_4_text_color=&#8221;#FFFFFF&#8221; header_4_font_size=&#8221;14px&#8221; header_4_letter_spacing=&#8221;0.2em&#8221; header_4_line_height=&#8221;1.5em&#8221; text_orientation=&#8221;center&#8221; custom_margin=&#8221;40px||0px||false|false&#8221; locked=&#8221;off&#8221; global_colors_info=&#8221;{}&#8221;]<\/p>\n<h3><span style=\"color: #000000;\">Acerca de<\/span><\/h3>\n<p>[\/et_pb_text][et_pb_text _builder_version=&#8221;4.18.0&#8243; _module_preset=&#8221;e598b17a-9229-42f6-b238-019d6094332e&#8221; header_font=&#8221;Montserrat|700|||||||&#8221; header_text_align=&#8221;center&#8221; header_text_color=&#8221;#5f15af&#8221; header_font_size=&#8221;80px&#8221; header_line_height=&#8221;1.1em&#8221; header_font_size_tablet=&#8221;40px&#8221; header_font_size_phone=&#8221;24px&#8221; header_font_size_last_edited=&#8221;on|desktop&#8221; locked=&#8221;off&#8221; global_colors_info=&#8221;{}&#8221;]<\/p>\n<h1>Gabriela Elena Morales Estrada<\/h1>\n<p>[\/et_pb_text][\/et_pb_column][\/et_pb_row][et_pb_row _builder_version=&#8221;4.17.6&#8243; _module_preset=&#8221;default&#8221; global_colors_info=&#8221;{}&#8221;][et_pb_column type=&#8221;4_4&#8243; _builder_version=&#8221;4.17.6&#8243; _module_preset=&#8221;default&#8221; global_colors_info=&#8221;{}&#8221;][et_pb_text _builder_version=&#8221;4.18.0&#8243; _module_preset=&#8221;default&#8221; custom_padding=&#8221;26px|||||&#8221; hover_enabled=&#8221;0&#8243; global_colors_info=&#8221;{}&#8221; sticky_enabled=&#8221;0&#8243;]<\/p>\n<blockquote>\n<p style=\"text-align: center;\">\u00a0 \u00a0 Maestra de Yoga y Yogaterapia altamente profesional en continuo\u00a0 aprendizaje en diferentes \u00e1reas del Yoga Terap\u00e9utico. Desde 2003 me he capacitado, entrenado y certificado en distintas instituciones nacionales (M\u00e9xico) e internacionales ( Estados Unidos, Argentina, Colombia, India y Europa); siendo la \u00fanica mexicana poseedora de esta capacitaci\u00f3n.<\/p>\n<p style=\"text-align: center;\">Una persona con gran empat\u00eda, habilidad de observaci\u00f3n y razonamiento para apoyar al alumno(a) o practicante a encontrar el camino terap\u00e9utico adecuado.<\/p>\n<p style=\"text-align: center;\">Desde el punto de vista del yoga, la fisioterapia, la biomec\u00e1nica y conocimientos complementarios apoy\u00f3 sin sustituirlos los tratamientos m\u00e9dicos espec\u00edficos. Tengo la firme convicci\u00f3n que el trabajo en equipo es la mejor forma de obtener resultados.<br \/>Poseo una gran capacidad de adaptabilidad a ambientes y grupos de trabajo.<br \/>Lo que m\u00e1s disfruto es estar en servicio y ayudar en la recuperaci\u00f3n f\u00edsica, emocional, mental y espiritual de mis alumnos o pacientes; viendo como el dolor va disminuyendo y en muchas ocasiones desaparece de sus vidas, mejoran su calidad de vida, al mismo\u00a0 tiempo que son m\u00e1s conscientes, responsables con ellos mismos y su entorno, logrando una vida plena y feliz.<\/p>\n<p style=\"text-align: center;\">Imparto\u00a0 clases con capacidades diferentes, personas de todas las edades, con padecimientos o patolog\u00edas distintas que quieran conservar o recuperar su salud.<\/p>\n<p style=\"text-align: center;\">Presidente de la Asociaci\u00f3n Mexicana de Yoga Terap\u00e9utica( <strong>AMYT<\/strong> ) , Directora y maestra fundadora y titular de Yogaterapia M\u00e9xico en donde se imparte la Certificaci\u00f3n para Profesores de Yoga con Especialidad Terap\u00e9utica con reconocimiento nacional e internacional y en conjunto con un equipo de trabajo multidisciplinario estamos a la b\u00fasqueda de nuevos talentos para consolidar una misi\u00f3n personal y profesional de servicio.<\/p>\n<\/blockquote>\n<p>[\/et_pb_text][\/et_pb_column][\/et_pb_row][et_pb_row _builder_version=&#8221;4.17.6&#8243; _module_preset=&#8221;default&#8221; global_colors_info=&#8221;{}&#8221;][et_pb_column type=&#8221;4_4&#8243; _builder_version=&#8221;4.17.6&#8243; _module_preset=&#8221;default&#8221; global_colors_info=&#8221;{}&#8221;][et_pb_image src=&#8221;https:\/\/amyt.org\/wp-content\/uploads\/2022\/08\/foto_Gaby_Morales.jpg&#8221; title_text=&#8221;foto_Gaby_Morales&#8221; _builder_version=&#8221;4.17.6&#8243; _module_preset=&#8221;default&#8221; global_colors_info=&#8221;{}&#8221;][\/et_pb_image][\/et_pb_column][\/et_pb_row][et_pb_row _builder_version=&#8221;4.17.6&#8243; _module_preset=&#8221;default&#8221; global_colors_info=&#8221;{}&#8221;][et_pb_column type=&#8221;4_4&#8243; _builder_version=&#8221;4.17.6&#8243; _module_preset=&#8221;default&#8221; global_colors_info=&#8221;{}&#8221;][\/et_pb_column][\/et_pb_row][et_pb_row column_structure=&#8221;1_2,1_2&#8243; _builder_version=&#8221;4.17.6&#8243; _module_preset=&#8221;default&#8221; global_colors_info=&#8221;{}&#8221;][et_pb_column type=&#8221;1_2&#8243; _builder_version=&#8221;4.17.6&#8243; _module_preset=&#8221;default&#8221; global_colors_info=&#8221;{}&#8221;][et_pb_text _builder_version=&#8221;4.17.6&#8243; _module_preset=&#8221;default&#8221; text_font=&#8221;|||on|||||&#8221; text_orientation=&#8221;center&#8221; global_colors_info=&#8221;{}&#8221;]<\/p>\n<p>Presidente Fundador de la Asociaci\u00f3n Mexicana de Yoga Terap\u00e9utica.<\/p>\n<p>[\/et_pb_text][et_pb_image src=&#8221;https:\/\/amyt.org\/wp-content\/uploads\/2022\/06\/logo-AMYT_transparente-1.png&#8221; title_text=&#8221;logo-AMYT_transparente&#8221; url=&#8221;@ET-DC@eyJkeW5hbWljIjp0cnVlLCJjb250ZW50IjoicG9zdF9saW5rX3VybF9wYWdlIiwic2V0dGluZ3MiOnsicG9zdF9pZCI6IjgzIn19@&#8221; url_new_window=&#8221;on&#8221; _builder_version=&#8221;4.18.0&#8243; _dynamic_attributes=&#8221;url&#8221; _module_preset=&#8221;default&#8221; global_colors_info=&#8221;{}&#8221;][\/et_pb_image][\/et_pb_column][et_pb_column type=&#8221;1_2&#8243; _builder_version=&#8221;4.17.6&#8243; _module_preset=&#8221;default&#8221; global_colors_info=&#8221;{}&#8221;][et_pb_text _builder_version=&#8221;4.17.6&#8243; _module_preset=&#8221;default&#8221; text_font=&#8221;|||on|||||&#8221; text_orientation=&#8221;center&#8221; global_colors_info=&#8221;{}&#8221;]<\/p>\n<p>Directora y fundadora de Yogaterapia M\u00e9xico<\/p>\n<p>Maestra titular de la Certificaci\u00f3n Internacional de Yoga con Especialidad Terap\u00e9utica.<\/p>\n<p>[\/et_pb_text][et_pb_image src=&#8221;https:\/\/amyt.org\/wp-content\/uploads\/2022\/08\/LOGO-VER.png&#8221; title_text=&#8221;LOGO VER&#8221; _builder_version=&#8221;4.17.6&#8243; _module_preset=&#8221;default&#8221; max_width=&#8221;71%&#8221; module_alignment=&#8221;center&#8221; max_height=&#8221;1000px&#8221; global_colors_info=&#8221;{}&#8221;][\/et_pb_image][\/et_pb_column][\/et_pb_row][\/et_pb_section][et_pb_section fb_built=&#8221;1&#8243; _builder_version=&#8221;4.18.0&#8243; _module_preset=&#8221;default&#8221; background_pattern_repeat_origin=&#8221;center&#8221; global_colors_info=&#8221;{}&#8221;][et_pb_row _builder_version=&#8221;4.17.6&#8243; _module_preset=&#8221;default&#8221; global_colors_info=&#8221;{}&#8221;][et_pb_column type=&#8221;4_4&#8243; _builder_version=&#8221;4.17.6&#8243; _module_preset=&#8221;default&#8221; global_colors_info=&#8221;{}&#8221;][et_pb_text _builder_version=&#8221;4.18.0&#8243; _module_preset=&#8221;003e9429-8e11-4d9e-968b-8881092bbf81&#8243; header_2_font=&#8221;Jost|700|||||||&#8221; header_2_text_color=&#8221;#000000&#8243; header_2_font_size=&#8221;60px&#8221; header_2_line_height=&#8221;1.1em&#8221; use_background_color_gradient=&#8221;on&#8221; background_color_gradient_stops=&#8221;#61408c 0%|#ffffff 99%&#8221; text_orientation=&#8221;center&#8221; module_alignment=&#8221;left&#8221; header_2_font_size_tablet=&#8221;32px&#8221; header_2_font_size_phone=&#8221;20px&#8221; header_2_font_size_last_edited=&#8221;on|phone&#8221; locked=&#8221;off&#8221; global_colors_info=&#8221;{}&#8221;]<\/p>\n<h2 style=\"text-align: center;\">Curriculum Gaby Morales<\/h2>\n<h2><\/h2>\n<p>[\/et_pb_text][\/et_pb_column][\/et_pb_row][\/et_pb_section][et_pb_section fb_built=&#8221;1&#8243; admin_label=&#8221;Services&#8221; _builder_version=&#8221;4.16&#8243; _module_preset=&#8221;default&#8221; background_color=&#8221;#f6f6f6&#8243; background_image=&#8221;https:\/\/amyt.org\/wp-content\/uploads\/2022\/08\/nursing-home_51.png&#8221; background_size=&#8221;initial&#8221; background_position=&#8221;top_left&#8221; custom_padding=&#8221;12px|||||&#8221; global_colors_info=&#8221;{}&#8221;][et_pb_row column_structure=&#8221;1_4,1_4,1_4,1_4&#8243; _builder_version=&#8221;4.16&#8243; _module_preset=&#8221;default&#8221; global_colors_info=&#8221;{}&#8221;][et_pb_column type=&#8221;1_4&#8243; _builder_version=&#8221;4.16&#8243; _module_preset=&#8221;default&#8221; global_colors_info=&#8221;{}&#8221;][et_pb_image src=&#8221;https:\/\/amyt.org\/wp-content\/uploads\/2022\/08\/10.png&#8221; title_text=&#8221;10&#8243; show_bottom_space=&#8221;off&#8221; _builder_version=&#8221;4.17.6&#8243; _module_preset=&#8221;default&#8221; transform_scale=&#8221;120%|120%&#8221; border_radii=&#8221;off|20px|20px||&#8221; global_colors_info=&#8221;{}&#8221;][\/et_pb_image][et_pb_cta title=&#8221;Yoga Terapeuta Certificada&#8221; button_url=&#8221;#&#8221; _builder_version=&#8221;4.17.6&#8243; _module_preset=&#8221;default&#8221; header_level=&#8221;h4&#8243; header_font=&#8221;Jost|700|||||||&#8221; header_text_color=&#8221;#000000&#8243; header_line_height=&#8221;1.1em&#8221; body_font_size=&#8221;15px&#8221; body_line_height=&#8221;1.6em&#8221; background_color=&#8221;#FFFFFF&#8221; custom_button=&#8221;on&#8221; button_text_size=&#8221;14px&#8221; button_text_color=&#8221;#BAB7FD&#8221; button_bg_color=&#8221;RGBA(255,255,255,0)&#8221; button_border_width=&#8221;0px&#8221; button_border_radius=&#8221;0px&#8221; button_letter_spacing=&#8221;0.2em&#8221; button_font=&#8221;|700||on|||||&#8221; button_alignment=&#8221;left&#8221; button_custom_padding=&#8221;|||0px|false|false&#8221; text_orientation=&#8221;left&#8221; background_layout=&#8221;light&#8221; custom_padding=&#8221;30px|30px|30px|30px|true|true&#8221; header_font_size_tablet=&#8221;17px&#8221; header_font_size_phone=&#8221;16px&#8221; header_font_size_last_edited=&#8221;on|desktop&#8221; body_font_size_tablet=&#8221;15px&#8221; body_font_size_phone=&#8221;14px&#8221; body_font_size_last_edited=&#8221;on|phone&#8221; border_radii=&#8221;off|||20px|20px&#8221; global_colors_info=&#8221;{}&#8221;]<\/p>\n<p>Certificada por International Association of Yoga Therapists (IAYT)<\/p>\n<p>Por Integrative Yoga Therapy 2019<\/p>\n<p>&nbsp;<\/p>\n<p>[\/et_pb_cta][\/et_pb_column][et_pb_column type=&#8221;1_4&#8243; _builder_version=&#8221;4.16&#8243; _module_preset=&#8221;default&#8221; global_colors_info=&#8221;{}&#8221;][et_pb_image src=&#8221;https:\/\/amyt.org\/wp-content\/uploads\/2022\/08\/Certificados-Gaby_IAYT_2022.png&#8221; title_text=&#8221;Certificados Gaby_IAYT_2022&#8243; show_bottom_space=&#8221;off&#8221; _builder_version=&#8221;4.17.6&#8243; _module_preset=&#8221;default&#8221; transform_scale=&#8221;120%|120%&#8221; border_radii=&#8221;off|20px|20px||&#8221; global_colors_info=&#8221;{}&#8221;][\/et_pb_image][et_pb_cta title=&#8221;Yoga Terapeuta Certificada&#8221; button_url=&#8221;#&#8221; _builder_version=&#8221;4.17.6&#8243; _module_preset=&#8221;default&#8221; header_level=&#8221;h4&#8243; header_font=&#8221;Jost|700|||||||&#8221; header_text_color=&#8221;#000000&#8243; header_line_height=&#8221;1.1em&#8221; body_font_size=&#8221;15px&#8221; body_line_height=&#8221;1.6em&#8221; background_color=&#8221;#FFFFFF&#8221; custom_button=&#8221;on&#8221; button_text_size=&#8221;14px&#8221; button_text_color=&#8221;#BAB7FD&#8221; button_bg_color=&#8221;RGBA(255,255,255,0)&#8221; button_border_width=&#8221;0px&#8221; button_border_radius=&#8221;0px&#8221; button_letter_spacing=&#8221;0.2em&#8221; button_font=&#8221;|700||on|||||&#8221; button_alignment=&#8221;left&#8221; button_custom_padding=&#8221;|||0px|false|false&#8221; text_orientation=&#8221;left&#8221; background_layout=&#8221;light&#8221; custom_padding=&#8221;30px|30px|30px|30px|true|true&#8221; body_font_size_tablet=&#8221;15px&#8221; body_font_size_phone=&#8221;14px&#8221; body_font_size_last_edited=&#8221;on|phone&#8221; border_radii=&#8221;off|||20px|20px&#8221; locked=&#8221;off&#8221; global_colors_info=&#8221;{}&#8221;]<\/p>\n<p>Certificada por International Association of Yoga Therapists (IAYT)<\/p>\n<p>Recertificaci\u00f3n 2022<\/p>\n<p>[\/et_pb_cta][\/et_pb_column][et_pb_column type=&#8221;1_4&#8243; _builder_version=&#8221;4.16&#8243; _module_preset=&#8221;default&#8221; global_colors_info=&#8221;{}&#8221;][et_pb_image src=&#8221;https:\/\/amyt.org\/wp-content\/uploads\/2022\/08\/3.png&#8221; title_text=&#8221;3&#8243; show_bottom_space=&#8221;off&#8221; _builder_version=&#8221;4.17.6&#8243; _module_preset=&#8221;default&#8221; transform_scale=&#8221;120%|120%&#8221; border_radii=&#8221;off|20px|20px||&#8221; global_colors_info=&#8221;{}&#8221;][\/et_pb_image][et_pb_cta title=&#8221;Certificaci\u00f3n de Yoga Terap\u00e9utico&#8221; button_url=&#8221;#&#8221; _builder_version=&#8221;4.17.6&#8243; _module_preset=&#8221;default&#8221; header_level=&#8221;h4&#8243; header_font=&#8221;Jost|700|||||||&#8221; header_text_color=&#8221;#000000&#8243; header_line_height=&#8221;1.1em&#8221; body_font_size=&#8221;15px&#8221; body_line_height=&#8221;1.6em&#8221; background_color=&#8221;#FFFFFF&#8221; custom_button=&#8221;on&#8221; button_text_size=&#8221;14px&#8221; button_text_color=&#8221;#BAB7FD&#8221; button_bg_color=&#8221;RGBA(255,255,255,0)&#8221; button_border_width=&#8221;0px&#8221; button_border_radius=&#8221;0px&#8221; button_letter_spacing=&#8221;0.2em&#8221; button_font=&#8221;|700||on|||||&#8221; button_alignment=&#8221;left&#8221; button_custom_padding=&#8221;|||0px|false|false&#8221; text_orientation=&#8221;left&#8221; background_layout=&#8221;light&#8221; custom_padding=&#8221;30px|30px|30px|30px|true|true&#8221; body_font_size_tablet=&#8221;15px&#8221; body_font_size_phone=&#8221;14px&#8221; body_font_size_last_edited=&#8221;on|phone&#8221; border_radii=&#8221;off|||20px|20px&#8221; locked=&#8221;off&#8221; global_colors_info=&#8221;{}&#8221;]<\/p>\n<p>Certificaci\u00f3n Avanzada de Profesor de Yoga Terap\u00e9utica 800 Horas (8 M\u00f3dulos)<\/p>\n<p>Kripalu<\/p>\n<p>Yoga Alliance y IAYT<\/p>\n<p>2019<\/p>\n<p>[\/et_pb_cta][\/et_pb_column][et_pb_column type=&#8221;1_4&#8243; _builder_version=&#8221;4.16&#8243; _module_preset=&#8221;default&#8221; global_colors_info=&#8221;{}&#8221;][et_pb_image src=&#8221;https:\/\/amyt.org\/wp-content\/uploads\/2022\/08\/Certificados-Gaby_ITY.png&#8221; title_text=&#8221;Certificados Gaby_ITY&#8221; show_bottom_space=&#8221;off&#8221; _builder_version=&#8221;4.17.6&#8243; _module_preset=&#8221;default&#8221; transform_scale=&#8221;120%|120%&#8221; border_radii=&#8221;off|20px|20px||&#8221; global_colors_info=&#8221;{}&#8221;][\/et_pb_image][et_pb_cta title=&#8221;Certificado de Maestro Avanzado de Yoga Terap\u00e9utico&#8221; button_url=&#8221;#&#8221; _builder_version=&#8221;4.17.6&#8243; _module_preset=&#8221;default&#8221; header_level=&#8221;h4&#8243; header_font=&#8221;Jost|700|||||||&#8221; header_text_color=&#8221;#000000&#8243; header_line_height=&#8221;1.1em&#8221; body_font_size=&#8221;15px&#8221; body_line_height=&#8221;1.6em&#8221; background_color=&#8221;#FFFFFF&#8221; custom_button=&#8221;on&#8221; button_text_size=&#8221;14px&#8221; button_text_color=&#8221;#BAB7FD&#8221; button_bg_color=&#8221;RGBA(255,255,255,0)&#8221; button_border_width=&#8221;0px&#8221; button_border_radius=&#8221;0px&#8221; button_letter_spacing=&#8221;0.2em&#8221; button_font=&#8221;|700||on|||||&#8221; button_alignment=&#8221;left&#8221; button_custom_padding=&#8221;|||0px|false|false&#8221; text_orientation=&#8221;left&#8221; background_layout=&#8221;light&#8221; custom_padding=&#8221;30px|30px|30px|30px|true|true&#8221; body_font_size_tablet=&#8221;15px&#8221; body_font_size_phone=&#8221;14px&#8221; body_font_size_last_edited=&#8221;on|phone&#8221; border_radii=&#8221;off|||20px|20px&#8221; locked=&#8221;off&#8221; global_colors_info=&#8221;{}&#8221;]<\/p>\n<p>500 horas<\/p>\n<p>Integrative Yoga Therapy<br \/>2014<\/p>\n<p>[\/et_pb_cta][\/et_pb_column][\/et_pb_row][et_pb_row column_structure=&#8221;1_4,1_4,1_4,1_4&#8243; _builder_version=&#8221;4.16&#8243; _module_preset=&#8221;default&#8221; global_colors_info=&#8221;{}&#8221;][et_pb_column type=&#8221;1_4&#8243; _builder_version=&#8221;4.16&#8243; _module_preset=&#8221;default&#8221; global_colors_info=&#8221;{}&#8221;][et_pb_image src=&#8221;https:\/\/amyt.org\/wp-content\/uploads\/2022\/08\/21.png&#8221; title_text=&#8221;Sep_Conocer_Gaby&#8221; show_bottom_space=&#8221;off&#8221; _builder_version=&#8221;4.17.6&#8243; _module_preset=&#8221;default&#8221; transform_scale=&#8221;120%|120%&#8221; border_radii=&#8221;off|20px|20px||&#8221; global_colors_info=&#8221;{}&#8221;][\/et_pb_image][et_pb_cta title=&#8221;Certificado de Competencia Laboral en el Est\u00e1ndar de Competencia&#8221; button_url=&#8221;#&#8221; _builder_version=&#8221;4.17.6&#8243; _module_preset=&#8221;default&#8221; header_level=&#8221;h4&#8243; header_font=&#8221;Jost|700|||||||&#8221; header_text_color=&#8221;#000000&#8243; header_line_height=&#8221;1.1em&#8221; body_font_size=&#8221;15px&#8221; body_line_height=&#8221;1.6em&#8221; background_color=&#8221;#FFFFFF&#8221; custom_button=&#8221;on&#8221; button_text_size=&#8221;14px&#8221; button_text_color=&#8221;#BAB7FD&#8221; button_bg_color=&#8221;RGBA(255,255,255,0)&#8221; button_border_width=&#8221;0px&#8221; button_border_radius=&#8221;0px&#8221; button_letter_spacing=&#8221;0.2em&#8221; button_font=&#8221;|700||on|||||&#8221; button_alignment=&#8221;left&#8221; button_custom_padding=&#8221;|||0px|false|false&#8221; text_orientation=&#8221;left&#8221; background_layout=&#8221;light&#8221; custom_padding=&#8221;30px|30px|30px|30px|true|true&#8221; body_font_size_tablet=&#8221;15px&#8221; body_font_size_phone=&#8221;14px&#8221; body_font_size_last_edited=&#8221;on|phone&#8221; border_radii=&#8221;off|||20px|20px&#8221; locked=&#8221;off&#8221; global_colors_info=&#8221;{}&#8221;]<\/p>\n<p>SEP-CONOCER<\/p>\n<p>Conducci\u00f3n\u00a0 Industrial de pr\u00e1ctica de Yoga:Nivel preparador b\u00e1sico<\/p>\n<p>2015<\/p>\n<p>[\/et_pb_cta][\/et_pb_column][et_pb_column type=&#8221;1_4&#8243; _builder_version=&#8221;4.16&#8243; _module_preset=&#8221;default&#8221; global_colors_info=&#8221;{}&#8221;][et_pb_image src=&#8221;https:\/\/amyt.org\/wp-content\/uploads\/2022\/08\/22.png&#8221; title_text=&#8221;22&#8243; show_bottom_space=&#8221;off&#8221; _builder_version=&#8221;4.17.6&#8243; _module_preset=&#8221;default&#8221; transform_scale=&#8221;120%|120%&#8221; border_radii=&#8221;off|20px|20px||&#8221; global_colors_info=&#8221;{}&#8221;][\/et_pb_image][et_pb_cta title=&#8221;C\u00e9dula de identidad IRPTH&#8221; button_url=&#8221;#&#8221; _builder_version=&#8221;4.17.6&#8243; _module_preset=&#8221;default&#8221; header_level=&#8221;h4&#8243; header_font=&#8221;Jost|700|||||||&#8221; header_text_color=&#8221;#000000&#8243; header_line_height=&#8221;1.1em&#8221; body_font_size=&#8221;15px&#8221; body_line_height=&#8221;1.6em&#8221; background_color=&#8221;#FFFFFF&#8221; custom_button=&#8221;on&#8221; button_text_size=&#8221;14px&#8221; button_text_color=&#8221;#BAB7FD&#8221; button_bg_color=&#8221;RGBA(255,255,255,0)&#8221; button_border_width=&#8221;0px&#8221; button_border_radius=&#8221;0px&#8221; button_letter_spacing=&#8221;0.2em&#8221; button_font=&#8221;|700||on|||||&#8221; button_alignment=&#8221;left&#8221; button_custom_padding=&#8221;|||0px|false|false&#8221; text_orientation=&#8221;left&#8221; background_layout=&#8221;light&#8221; custom_padding=&#8221;30px|30px|30px|30px|true|true&#8221; body_font_size_tablet=&#8221;15px&#8221; body_font_size_phone=&#8221;14px&#8221; body_font_size_last_edited=&#8221;on|phone&#8221; border_radii=&#8221;off|||20px|20px&#8221; locked=&#8221;off&#8221; global_colors_info=&#8221;{}&#8221;]<\/p>\n<p>International Registry of Professional Therapists (IRPTH)<\/p>\n<p>Terapeuta Profesional para el cuidado de la salud<\/p>\n<p>[\/et_pb_cta][\/et_pb_column][et_pb_column type=&#8221;1_4&#8243; _builder_version=&#8221;4.16&#8243; _module_preset=&#8221;default&#8221; global_colors_info=&#8221;{}&#8221;][et_pb_image src=&#8221;https:\/\/amyt.org\/wp-content\/uploads\/2022\/08\/16.png&#8221; title_text=&#8221;16&#8243; show_bottom_space=&#8221;off&#8221; _builder_version=&#8221;4.17.6&#8243; _module_preset=&#8221;default&#8221; transform_scale=&#8221;120%|120%&#8221; border_radii=&#8221;off|20px|20px||&#8221; global_colors_info=&#8221;{}&#8221;][\/et_pb_image][et_pb_cta title=&#8221;Constancia de Curso de Tratamientos Complementarios&#8221; button_url=&#8221;#&#8221; _builder_version=&#8221;4.17.6&#8243; _module_preset=&#8221;default&#8221; header_level=&#8221;h4&#8243; header_font=&#8221;Jost|700|||||||&#8221; header_text_color=&#8221;#000000&#8243; header_line_height=&#8221;1.1em&#8221; body_font_size=&#8221;15px&#8221; body_line_height=&#8221;1.6em&#8221; background_color=&#8221;#FFFFFF&#8221; custom_button=&#8221;on&#8221; button_text_size=&#8221;14px&#8221; button_text_color=&#8221;#BAB7FD&#8221; button_bg_color=&#8221;RGBA(255,255,255,0)&#8221; button_border_width=&#8221;0px&#8221; button_border_radius=&#8221;0px&#8221; button_letter_spacing=&#8221;0.2em&#8221; button_font=&#8221;|700||on|||||&#8221; button_alignment=&#8221;left&#8221; button_custom_padding=&#8221;|||0px|false|false&#8221; text_orientation=&#8221;left&#8221; background_layout=&#8221;light&#8221; custom_padding=&#8221;30px|30px|30px|30px|true|true&#8221; body_font_size_tablet=&#8221;15px&#8221; body_font_size_phone=&#8221;14px&#8221; body_font_size_last_edited=&#8221;on|phone&#8221; border_radii=&#8221;off|||20px|20px&#8221; locked=&#8221;off&#8221; global_colors_info=&#8221;{}&#8221;]<\/p>\n<p>180 horas Extensi\u00f3n a la capacitaci\u00f3n<\/p>\n<p>Centro de Capacitaci\u00f3n para el Trabajo Industrial 73<\/p>\n<p>2019<\/p>\n<p>[\/et_pb_cta][\/et_pb_column][et_pb_column type=&#8221;1_4&#8243; _builder_version=&#8221;4.16&#8243; _module_preset=&#8221;default&#8221; global_colors_info=&#8221;{}&#8221;][et_pb_image src=&#8221;https:\/\/amyt.org\/wp-content\/uploads\/2022\/08\/9.png&#8221; title_text=&#8221;9&#8243; show_bottom_space=&#8221;off&#8221; _builder_version=&#8221;4.17.6&#8243; _module_preset=&#8221;default&#8221; transform_scale=&#8221;120%|120%&#8221; border_radii=&#8221;off|20px|20px||&#8221; global_colors_info=&#8221;{}&#8221;][\/et_pb_image][et_pb_cta title=&#8221;Curso Intensivo Profesional de Yoga Terap\u00e9utico de Nexo Yoga&#8221; button_url=&#8221;#&#8221; _builder_version=&#8221;4.17.6&#8243; _module_preset=&#8221;default&#8221; header_level=&#8221;h4&#8243; header_font=&#8221;Jost|700|||||||&#8221; header_text_color=&#8221;#000000&#8243; header_line_height=&#8221;1.1em&#8221; body_font_size=&#8221;15px&#8221; body_line_height=&#8221;1.6em&#8221; background_color=&#8221;#FFFFFF&#8221; custom_button=&#8221;on&#8221; button_text_size=&#8221;14px&#8221; button_text_color=&#8221;#BAB7FD&#8221; button_bg_color=&#8221;RGBA(255,255,255,0)&#8221; button_border_width=&#8221;0px&#8221; button_border_radius=&#8221;0px&#8221; button_letter_spacing=&#8221;0.2em&#8221; button_font=&#8221;|700||on|||||&#8221; button_alignment=&#8221;left&#8221; button_custom_padding=&#8221;|||0px|false|false&#8221; text_orientation=&#8221;left&#8221; background_layout=&#8221;light&#8221; custom_padding=&#8221;30px|30px|30px|30px|true|true&#8221; body_font_size_tablet=&#8221;15px&#8221; body_font_size_phone=&#8221;14px&#8221; body_font_size_last_edited=&#8221;on|phone&#8221; border_radii=&#8221;off|||20px|20px&#8221; locked=&#8221;off&#8221; global_colors_info=&#8221;{}&#8221;]<\/p>\n<p>35 horas<\/p>\n<p>Nexo Yoga<\/p>\n<p>2018<\/p>\n<p>[\/et_pb_cta][\/et_pb_column][\/et_pb_row][et_pb_row column_structure=&#8221;1_4,1_4,1_4,1_4&#8243; _builder_version=&#8221;4.17.6&#8243; _module_preset=&#8221;default&#8221; global_colors_info=&#8221;{}&#8221;][et_pb_column type=&#8221;1_4&#8243; _builder_version=&#8221;4.16&#8243; _module_preset=&#8221;default&#8221; global_colors_info=&#8221;{}&#8221;][et_pb_image src=&#8221;https:\/\/amyt.org\/wp-content\/uploads\/2022\/08\/20.png&#8221; title_text=&#8221;20&#8243; show_bottom_space=&#8221;off&#8221; _builder_version=&#8221;4.17.6&#8243; _module_preset=&#8221;default&#8221; transform_scale=&#8221;120%|120%&#8221; border_radii=&#8221;off|20px|20px||&#8221; global_colors_info=&#8221;{}&#8221;][\/et_pb_image][et_pb_cta title=&#8221;Certificado Yoga para C\u00e1ncer&#8221; button_url=&#8221;#&#8221; _builder_version=&#8221;4.17.6&#8243; _module_preset=&#8221;default&#8221; header_level=&#8221;h4&#8243; header_font=&#8221;Jost|700|||||||&#8221; header_text_color=&#8221;#000000&#8243; header_line_height=&#8221;1.1em&#8221; body_font_size=&#8221;15px&#8221; body_line_height=&#8221;1.6em&#8221; background_color=&#8221;#FFFFFF&#8221; custom_button=&#8221;on&#8221; button_text_size=&#8221;14px&#8221; button_text_color=&#8221;#BAB7FD&#8221; button_bg_color=&#8221;RGBA(255,255,255,0)&#8221; button_border_width=&#8221;0px&#8221; button_border_radius=&#8221;0px&#8221; button_letter_spacing=&#8221;0.2em&#8221; button_font=&#8221;|700||on|||||&#8221; button_alignment=&#8221;left&#8221; button_custom_padding=&#8221;|||0px|false|false&#8221; text_orientation=&#8221;left&#8221; background_layout=&#8221;light&#8221; custom_padding=&#8221;30px|30px|30px|30px|true|true&#8221; body_font_size_tablet=&#8221;15px&#8221; body_font_size_phone=&#8221;14px&#8221; body_font_size_last_edited=&#8221;on|phone&#8221; border_radii=&#8221;off|||20px|20px&#8221; locked=&#8221;off&#8221; global_colors_info=&#8221;{}&#8221;]<\/p>\n<p>45 horas\u00a0<\/p>\n<p>Y4C Tari Prinster<\/p>\n<p>2017<\/p>\n<p>[\/et_pb_cta][\/et_pb_column][et_pb_column type=&#8221;1_4&#8243; _builder_version=&#8221;4.16&#8243; _module_preset=&#8221;default&#8221; global_colors_info=&#8221;{}&#8221;][et_pb_image src=&#8221;https:\/\/amyt.org\/wp-content\/uploads\/2022\/08\/19.png&#8221; title_text=&#8221;19&#8243; show_bottom_space=&#8221;off&#8221; _builder_version=&#8221;4.17.6&#8243; _module_preset=&#8221;default&#8221; transform_scale=&#8221;120%|120%&#8221; border_radii=&#8221;off|20px|20px||&#8221; global_colors_info=&#8221;{}&#8221;][\/et_pb_image][et_pb_cta title=&#8221;Certificado de Yoga para C\u00e1ncer&#8221; button_url=&#8221;#&#8221; _builder_version=&#8221;4.17.6&#8243; _module_preset=&#8221;default&#8221; header_level=&#8221;h4&#8243; header_font=&#8221;Jost|700|||||||&#8221; header_text_color=&#8221;#000000&#8243; header_line_height=&#8221;1.1em&#8221; body_font_size=&#8221;15px&#8221; body_line_height=&#8221;1.6em&#8221; background_color=&#8221;#FFFFFF&#8221; custom_button=&#8221;on&#8221; button_text_size=&#8221;14px&#8221; button_text_color=&#8221;#BAB7FD&#8221; button_bg_color=&#8221;RGBA(255,255,255,0)&#8221; button_border_width=&#8221;0px&#8221; button_border_radius=&#8221;0px&#8221; button_letter_spacing=&#8221;0.2em&#8221; button_font=&#8221;|700||on|||||&#8221; button_alignment=&#8221;left&#8221; button_custom_padding=&#8221;|||0px|false|false&#8221; text_orientation=&#8221;left&#8221; background_layout=&#8221;light&#8221; custom_padding=&#8221;30px|30px|30px|30px|true|true&#8221; body_font_size_tablet=&#8221;15px&#8221; body_font_size_phone=&#8221;14px&#8221; body_font_size_last_edited=&#8221;on|phone&#8221; border_radii=&#8221;off|||20px|20px&#8221; locked=&#8221;off&#8221; global_colors_info=&#8221;{}&#8221;]<\/p>\n<p>55 horas<\/p>\n<p>Y4C Tari Prinster<br \/>2021<\/p>\n<p>[\/et_pb_cta][\/et_pb_column][et_pb_column type=&#8221;1_4&#8243; _builder_version=&#8221;4.16&#8243; _module_preset=&#8221;default&#8221; global_colors_info=&#8221;{}&#8221;][et_pb_image src=&#8221;https:\/\/amyt.org\/wp-content\/uploads\/2022\/08\/15.png&#8221; title_text=&#8221;15&#8243; show_bottom_space=&#8221;off&#8221; _builder_version=&#8221;4.17.6&#8243; _module_preset=&#8221;default&#8221; transform_scale=&#8221;120%|120%&#8221; border_radii=&#8221;off|20px|20px||&#8221; global_colors_info=&#8221;{}&#8221;][\/et_pb_image][et_pb_cta title=&#8221;Certificado de Entrenamiento Intensivo de manejo de Trauma con Yoga Terap\u00e9utico&#8221; button_url=&#8221;#&#8221; _builder_version=&#8221;4.17.6&#8243; _module_preset=&#8221;default&#8221; header_level=&#8221;h4&#8243; header_font=&#8221;Jost|700|||||||&#8221; header_text_color=&#8221;#000000&#8243; header_line_height=&#8221;1.1em&#8221; body_font_size=&#8221;15px&#8221; body_line_height=&#8221;1.6em&#8221; background_color=&#8221;#FFFFFF&#8221; custom_button=&#8221;on&#8221; button_text_size=&#8221;14px&#8221; button_text_color=&#8221;#BAB7FD&#8221; button_bg_color=&#8221;RGBA(255,255,255,0)&#8221; button_border_width=&#8221;0px&#8221; button_border_radius=&#8221;0px&#8221; button_letter_spacing=&#8221;0.2em&#8221; button_font=&#8221;|700||on|||||&#8221; button_alignment=&#8221;left&#8221; button_custom_padding=&#8221;|||0px|false|false&#8221; text_orientation=&#8221;left&#8221; background_layout=&#8221;light&#8221; custom_padding=&#8221;30px|30px|30px|30px|true|true&#8221; body_font_size_tablet=&#8221;15px&#8221; body_font_size_phone=&#8221;14px&#8221; body_font_size_last_edited=&#8221;on|phone&#8221; border_radii=&#8221;off|||20px|20px&#8221; locked=&#8221;off&#8221; global_colors_info=&#8221;{}&#8221;]<\/p>\n<p>65 horas<\/p>\n<p>Sundara Yoga Therapy y Yoga Alliance<br \/>2016<\/p>\n<p>[\/et_pb_cta][\/et_pb_column][et_pb_column type=&#8221;1_4&#8243; _builder_version=&#8221;4.17.6&#8243; _module_preset=&#8221;default&#8221; global_colors_info=&#8221;{}&#8221;][et_pb_image src=&#8221;https:\/\/amyt.org\/wp-content\/uploads\/2022\/08\/1.png&#8221; title_text=&#8221;1&#8243; show_bottom_space=&#8221;off&#8221; _builder_version=&#8221;4.17.6&#8243; _module_preset=&#8221;default&#8221; transform_scale=&#8221;120%|120%&#8221; border_radii=&#8221;off|20px|20px||&#8221; global_colors_info=&#8221;{}&#8221;][\/et_pb_image][et_pb_cta title=&#8221;Licencia de Facilitador para manejo de Estr\u00e9s y Ansiedad&#8221; button_url=&#8221;#&#8221; _builder_version=&#8221;4.17.6&#8243; _module_preset=&#8221;default&#8221; header_level=&#8221;h4&#8243; header_font=&#8221;Jost|700|||||||&#8221; header_text_color=&#8221;#000000&#8243; header_line_height=&#8221;1.1em&#8221; body_font_size=&#8221;15px&#8221; body_line_height=&#8221;1.6em&#8221; background_color=&#8221;#FFFFFF&#8221; custom_button=&#8221;on&#8221; button_text_size=&#8221;14px&#8221; button_text_color=&#8221;#BAB7FD&#8221; button_bg_color=&#8221;RGBA(255,255,255,0)&#8221; button_border_width=&#8221;0px&#8221; button_border_radius=&#8221;0px&#8221; button_letter_spacing=&#8221;0.2em&#8221; button_font=&#8221;|700||on|||||&#8221; button_alignment=&#8221;left&#8221; button_custom_padding=&#8221;|||0px|false|false&#8221; text_orientation=&#8221;left&#8221; background_layout=&#8221;light&#8221; custom_padding=&#8221;30px|30px|30px|30px|true|true&#8221; body_font_size_tablet=&#8221;15px&#8221; body_font_size_phone=&#8221;14px&#8221; body_font_size_last_edited=&#8221;on|phone&#8221; border_radii=&#8221;off|||20px|20px&#8221; locked=&#8221;off&#8221; global_colors_info=&#8221;{}&#8221;]<\/p>\n<p>The Overcome Anxiety Project<\/p>\n<p>Overcome Anxiety Clinic<\/p>\n<p>2016<\/p>\n<p>[\/et_pb_cta][\/et_pb_column][\/et_pb_row][et_pb_row column_structure=&#8221;1_4,1_4,1_4,1_4&#8243; _builder_version=&#8221;4.16&#8243; _module_preset=&#8221;default&#8221; global_colors_info=&#8221;{}&#8221;][et_pb_column type=&#8221;1_4&#8243; _builder_version=&#8221;4.16&#8243; _module_preset=&#8221;default&#8221; global_colors_info=&#8221;{}&#8221;][et_pb_image src=&#8221;https:\/\/amyt.org\/wp-content\/uploads\/2022\/08\/8.png&#8221; title_text=&#8221;8&#8243; show_bottom_space=&#8221;off&#8221; _builder_version=&#8221;4.17.6&#8243; _module_preset=&#8221;default&#8221; transform_scale=&#8221;120%|120%&#8221; border_radii=&#8221;off|20px|20px||&#8221; global_colors_info=&#8221;{}&#8221;][\/et_pb_image][et_pb_cta title=&#8221;Certificado de Formaci\u00f3n en especializaci\u00f3n de Yoga Miofascial &#8221; button_url=&#8221;#&#8221; _builder_version=&#8221;4.17.6&#8243; _module_preset=&#8221;default&#8221; header_level=&#8221;h4&#8243; header_font=&#8221;Jost|700|||||||&#8221; header_text_color=&#8221;#000000&#8243; header_line_height=&#8221;1.1em&#8221; body_font_size=&#8221;15px&#8221; body_line_height=&#8221;1.6em&#8221; background_color=&#8221;#FFFFFF&#8221; custom_button=&#8221;on&#8221; button_text_size=&#8221;14px&#8221; button_text_color=&#8221;#BAB7FD&#8221; button_bg_color=&#8221;RGBA(255,255,255,0)&#8221; button_border_width=&#8221;0px&#8221; button_border_radius=&#8221;0px&#8221; button_letter_spacing=&#8221;0.2em&#8221; button_font=&#8221;|700||on|||||&#8221; button_alignment=&#8221;left&#8221; button_custom_padding=&#8221;|||0px|false|false&#8221; text_orientation=&#8221;left&#8221; background_layout=&#8221;light&#8221; custom_padding=&#8221;30px|30px|30px|30px|true|true&#8221; body_font_size_tablet=&#8221;15px&#8221; body_font_size_phone=&#8221;14px&#8221; body_font_size_last_edited=&#8221;on|phone&#8221; border_radii=&#8221;off|||20px|20px&#8221; locked=&#8221;off&#8221; global_colors_info=&#8221;{}&#8221;]<\/p>\n<p>6o horas<\/p>\n<p>Yoga Kula Espa\u00f1a<br \/>2019<\/p>\n<p>[\/et_pb_cta][\/et_pb_column][et_pb_column type=&#8221;1_4&#8243; _builder_version=&#8221;4.17.6&#8243; _module_preset=&#8221;default&#8221; global_colors_info=&#8221;{}&#8221;][et_pb_image src=&#8221;https:\/\/amyt.org\/wp-content\/uploads\/2022\/08\/5.png&#8221; title_text=&#8221;5&#8243; show_bottom_space=&#8221;off&#8221; _builder_version=&#8221;4.17.6&#8243; _module_preset=&#8221;default&#8221; transform_scale=&#8221;120%|120%&#8221; border_radii=&#8221;off|20px|20px||&#8221; global_colors_info=&#8221;{}&#8221;][\/et_pb_image][et_pb_cta title=&#8221;Certificado de  Profesor de Yoga para ni\u00f1os y familias&#8221; button_url=&#8221;#&#8221; _builder_version=&#8221;4.17.6&#8243; _module_preset=&#8221;default&#8221; header_level=&#8221;h4&#8243; header_font=&#8221;Jost|700|||||||&#8221; header_text_color=&#8221;#000000&#8243; header_line_height=&#8221;1.1em&#8221; body_font_size=&#8221;15px&#8221; body_line_height=&#8221;1.6em&#8221; background_color=&#8221;#FFFFFF&#8221; custom_button=&#8221;on&#8221; button_text_size=&#8221;14px&#8221; button_text_color=&#8221;#BAB7FD&#8221; button_bg_color=&#8221;RGBA(255,255,255,0)&#8221; button_border_width=&#8221;0px&#8221; button_border_radius=&#8221;0px&#8221; button_letter_spacing=&#8221;0.2em&#8221; button_font=&#8221;|700||on|||||&#8221; button_alignment=&#8221;left&#8221; button_custom_padding=&#8221;|||0px|false|false&#8221; text_orientation=&#8221;left&#8221; background_layout=&#8221;light&#8221; custom_padding=&#8221;30px|30px|30px|30px|true|true&#8221; body_font_size_tablet=&#8221;15px&#8221; body_font_size_phone=&#8221;14px&#8221; body_font_size_last_edited=&#8221;on|phone&#8221; border_radii=&#8221;off|||20px|20px&#8221; locked=&#8221;off&#8221; global_colors_info=&#8221;{}&#8221;]<\/p>\n<p>27 horas<\/p>\n<p>Rainbow Kids Yoga<br \/>2017<\/p>\n<p>[\/et_pb_cta][\/et_pb_column][et_pb_column type=&#8221;1_4&#8243; _builder_version=&#8221;4.17.6&#8243; _module_preset=&#8221;default&#8221; global_colors_info=&#8221;{}&#8221;][et_pb_image src=&#8221;https:\/\/amyt.org\/wp-content\/uploads\/2022\/08\/6.png&#8221; title_text=&#8221;6&#8243; show_bottom_space=&#8221;off&#8221; _builder_version=&#8221;4.17.6&#8243; _module_preset=&#8221;default&#8221; transform_scale=&#8221;120%|120%&#8221; border_radii=&#8221;off|20px|20px||&#8221; global_colors_info=&#8221;{}&#8221;][\/et_pb_image][et_pb_cta title=&#8221;Certificado de Profesor de Yoga Prenatal&#8221; button_url=&#8221;#&#8221; _builder_version=&#8221;4.17.6&#8243; _module_preset=&#8221;default&#8221; header_level=&#8221;h4&#8243; header_font=&#8221;Jost|700|||||||&#8221; header_text_color=&#8221;#000000&#8243; header_line_height=&#8221;1.1em&#8221; body_font_size=&#8221;15px&#8221; body_line_height=&#8221;1.6em&#8221; background_color=&#8221;#FFFFFF&#8221; custom_button=&#8221;on&#8221; button_text_size=&#8221;14px&#8221; button_text_color=&#8221;#BAB7FD&#8221; button_bg_color=&#8221;RGBA(255,255,255,0)&#8221; button_border_width=&#8221;0px&#8221; button_border_radius=&#8221;0px&#8221; button_letter_spacing=&#8221;0.2em&#8221; button_font=&#8221;|700||on|||||&#8221; button_alignment=&#8221;left&#8221; button_custom_padding=&#8221;|||0px|false|false&#8221; text_orientation=&#8221;left&#8221; background_layout=&#8221;light&#8221; custom_padding=&#8221;30px|30px|30px|30px|true|true&#8221; body_font_size_tablet=&#8221;15px&#8221; body_font_size_phone=&#8221;14px&#8221; body_font_size_last_edited=&#8221;on|phone&#8221; border_radii=&#8221;off|||20px|20px&#8221; locked=&#8221;off&#8221; global_colors_info=&#8221;{}&#8221;]<\/p>\n<p>100 horas<\/p>\n<p>Namaste Yoga &amp; Pilates<br \/>2015<\/p>\n<p>[\/et_pb_cta][\/et_pb_column][et_pb_column type=&#8221;1_4&#8243; _builder_version=&#8221;4.16&#8243; _module_preset=&#8221;default&#8221; global_colors_info=&#8221;{}&#8221;][et_pb_image src=&#8221;https:\/\/amyt.org\/wp-content\/uploads\/2022\/08\/2.png&#8221; title_text=&#8221;Functional Yoga Therapy&#8221; show_bottom_space=&#8221;off&#8221; _builder_version=&#8221;4.17.6&#8243; _module_preset=&#8221;default&#8221; transform_scale=&#8221;120%|120%&#8221; border_radii=&#8221;off|20px|20px||&#8221; global_colors_info=&#8221;{}&#8221;][\/et_pb_image][et_pb_cta title=&#8221;Certificaci\u00f3n de Yoga Terap\u00e9utica Funcional&#8221; button_url=&#8221;#&#8221; _builder_version=&#8221;4.17.6&#8243; _module_preset=&#8221;default&#8221; header_level=&#8221;h4&#8243; header_font=&#8221;Jost|700|||||||&#8221; header_text_color=&#8221;#000000&#8243; header_line_height=&#8221;1.1em&#8221; body_font_size=&#8221;15px&#8221; body_line_height=&#8221;1.6em&#8221; background_color=&#8221;#FFFFFF&#8221; custom_button=&#8221;on&#8221; button_text_size=&#8221;14px&#8221; button_text_color=&#8221;#BAB7FD&#8221; button_bg_color=&#8221;RGBA(255,255,255,0)&#8221; button_border_width=&#8221;0px&#8221; button_border_radius=&#8221;0px&#8221; button_letter_spacing=&#8221;0.2em&#8221; button_font=&#8221;|700||on|||||&#8221; button_alignment=&#8221;left&#8221; button_custom_padding=&#8221;|||0px|false|false&#8221; text_orientation=&#8221;left&#8221; background_layout=&#8221;light&#8221; custom_padding=&#8221;30px|30px|30px|30px|true|true&#8221; body_font_size_tablet=&#8221;15px&#8221; body_font_size_phone=&#8221;14px&#8221; body_font_size_last_edited=&#8221;on|phone&#8221; border_radii=&#8221;off|||20px|20px&#8221; locked=&#8221;off&#8221; global_colors_info=&#8221;{}&#8221;]<\/p>\n<p>65-hour Nivel 1 Yoga Terap\u00e9utica Funcional<br \/>Aryurveda &amp; Yoga Therapy\u00a0 y Yoga Alliance<br \/>2015<\/p>\n<p>[\/et_pb_cta][\/et_pb_column][\/et_pb_row][et_pb_row column_structure=&#8221;1_4,1_4,1_4,1_4&#8243; _builder_version=&#8221;4.16&#8243; _module_preset=&#8221;default&#8221; global_colors_info=&#8221;{}&#8221;][et_pb_column type=&#8221;1_4&#8243; _builder_version=&#8221;4.16&#8243; _module_preset=&#8221;default&#8221; global_colors_info=&#8221;{}&#8221;][et_pb_image src=&#8221;https:\/\/amyt.org\/wp-content\/uploads\/2022\/08\/14.png&#8221; title_text=&#8221;14&#8243; show_bottom_space=&#8221;off&#8221; _builder_version=&#8221;4.17.6&#8243; _module_preset=&#8221;default&#8221; transform_scale=&#8221;120%|120%&#8221; border_radii=&#8221;off|20px|20px||&#8221; global_colors_info=&#8221;{}&#8221;][\/et_pb_image][et_pb_cta title=&#8221;Certificaci\u00f3n Ancient Thai Yoga Massage&#8221; button_url=&#8221;#&#8221; _builder_version=&#8221;4.17.6&#8243; _module_preset=&#8221;default&#8221; header_level=&#8221;h4&#8243; header_font=&#8221;Jost|700|||||||&#8221; header_text_color=&#8221;#000000&#8243; header_line_height=&#8221;1.1em&#8221; body_font_size=&#8221;15px&#8221; body_line_height=&#8221;1.6em&#8221; background_color=&#8221;#FFFFFF&#8221; custom_button=&#8221;on&#8221; button_text_size=&#8221;14px&#8221; button_text_color=&#8221;#BAB7FD&#8221; button_bg_color=&#8221;RGBA(255,255,255,0)&#8221; button_border_width=&#8221;0px&#8221; button_border_radius=&#8221;0px&#8221; button_letter_spacing=&#8221;0.2em&#8221; button_font=&#8221;|700||on|||||&#8221; button_alignment=&#8221;left&#8221; button_custom_padding=&#8221;|||0px|false|false&#8221; text_orientation=&#8221;left&#8221; background_layout=&#8221;light&#8221; custom_padding=&#8221;30px|30px|30px|30px|true|true&#8221; body_font_size_tablet=&#8221;15px&#8221; body_font_size_phone=&#8221;14px&#8221; body_font_size_last_edited=&#8221;on|phone&#8221; border_radii=&#8221;off|||20px|20px&#8221; locked=&#8221;off&#8221; global_colors_info=&#8221;{}&#8221;]<\/p>\n<p>Dharmasala HP- 176206 India<br \/>2014<\/p>\n<p>[\/et_pb_cta][\/et_pb_column][et_pb_column type=&#8221;1_4&#8243; _builder_version=&#8221;4.16&#8243; _module_preset=&#8221;default&#8221; global_colors_info=&#8221;{}&#8221;][et_pb_image src=&#8221;https:\/\/amyt.org\/wp-content\/uploads\/2022\/08\/13.png&#8221; title_text=&#8221;Certificado Reiki&#8221; show_bottom_space=&#8221;off&#8221; _builder_version=&#8221;4.17.6&#8243; _module_preset=&#8221;default&#8221; transform_scale=&#8221;120%|120%&#8221; border_radii=&#8221;off|20px|20px||&#8221; global_colors_info=&#8221;{}&#8221;][\/et_pb_image][et_pb_cta title=&#8221;Certificado Sistema de Sanaci\u00f3n Natural&#8221; button_url=&#8221;#&#8221; _builder_version=&#8221;4.17.6&#8243; _module_preset=&#8221;default&#8221; header_level=&#8221;h4&#8243; header_font=&#8221;Jost|700|||||||&#8221; header_text_color=&#8221;#000000&#8243; header_line_height=&#8221;1.1em&#8221; body_font_size=&#8221;15px&#8221; body_line_height=&#8221;1.6em&#8221; background_color=&#8221;#FFFFFF&#8221; custom_button=&#8221;on&#8221; button_text_size=&#8221;14px&#8221; button_text_color=&#8221;#BAB7FD&#8221; button_bg_color=&#8221;RGBA(255,255,255,0)&#8221; button_border_width=&#8221;0px&#8221; button_border_radius=&#8221;0px&#8221; button_letter_spacing=&#8221;0.2em&#8221; button_font=&#8221;|700||on|||||&#8221; button_alignment=&#8221;left&#8221; button_custom_padding=&#8221;|||0px|false|false&#8221; text_orientation=&#8221;left&#8221; background_layout=&#8221;light&#8221; custom_padding=&#8221;30px|30px|30px|30px|true|true&#8221; body_font_size_tablet=&#8221;15px&#8221; body_font_size_phone=&#8221;14px&#8221; body_font_size_last_edited=&#8221;on|phone&#8221; border_radii=&#8221;off|||20px|20px&#8221; locked=&#8221;off&#8221; global_colors_info=&#8221;{}&#8221;]<\/p>\n<p>Primer Nivel\u00a0 de Sistema de Sanaci\u00f3n Natural<\/p>\n<p>Reiki Usui Shiki Ryoho<\/p>\n<p>2006<\/p>\n<p>[\/et_pb_cta][\/et_pb_column][et_pb_column type=&#8221;1_4&#8243; _builder_version=&#8221;4.16&#8243; _module_preset=&#8221;default&#8221; global_colors_info=&#8221;{}&#8221;][et_pb_image src=&#8221;https:\/\/amyt.org\/wp-content\/uploads\/2022\/08\/11.png&#8221; title_text=&#8221;11&#8243; show_bottom_space=&#8221;off&#8221; _builder_version=&#8221;4.17.6&#8243; _module_preset=&#8221;default&#8221; transform_scale=&#8221;120%|120%&#8221; border_radii=&#8221;off|20px|20px||&#8221; global_colors_info=&#8221;{}&#8221;][\/et_pb_image][et_pb_cta title=&#8221;Curso %22La Funci\u00f3n Et\u00e9rica y la Sanaci\u00f3n Energ\u00e9tica de los aceites esenciales%22&#8243; button_url=&#8221;#&#8221; _builder_version=&#8221;4.17.6&#8243; _module_preset=&#8221;default&#8221; header_level=&#8221;h4&#8243; header_font=&#8221;Jost|700|||||||&#8221; header_text_color=&#8221;#000000&#8243; header_line_height=&#8221;1.1em&#8221; body_font_size=&#8221;15px&#8221; body_line_height=&#8221;1.6em&#8221; background_color=&#8221;#FFFFFF&#8221; custom_button=&#8221;on&#8221; button_text_size=&#8221;14px&#8221; button_text_color=&#8221;#BAB7FD&#8221; button_bg_color=&#8221;RGBA(255,255,255,0)&#8221; button_border_width=&#8221;0px&#8221; button_border_radius=&#8221;0px&#8221; button_letter_spacing=&#8221;0.2em&#8221; button_font=&#8221;|700||on|||||&#8221; button_alignment=&#8221;left&#8221; button_custom_padding=&#8221;|||0px|false|false&#8221; text_orientation=&#8221;left&#8221; background_layout=&#8221;light&#8221; custom_padding=&#8221;30px|30px|30px|30px|true|true&#8221; body_font_size_tablet=&#8221;15px&#8221; body_font_size_phone=&#8221;14px&#8221; body_font_size_last_edited=&#8221;on|phone&#8221; border_radii=&#8221;off|||20px|20px&#8221; locked=&#8221;off&#8221; global_colors_info=&#8221;{}&#8221;]<\/p>\n<p>6 horas<\/p>\n<p>Instituto Mexicano de Aromaterapia<br \/>2015<\/p>\n<p>[\/et_pb_cta][\/et_pb_column][et_pb_column type=&#8221;1_4&#8243; _builder_version=&#8221;4.16&#8243; _module_preset=&#8221;default&#8221; global_colors_info=&#8221;{}&#8221;][et_pb_image src=&#8221;https:\/\/amyt.org\/wp-content\/uploads\/2022\/08\/7.png&#8221; title_text=&#8221;7&#8243; show_bottom_space=&#8221;off&#8221; _builder_version=&#8221;4.17.6&#8243; _module_preset=&#8221;default&#8221; transform_scale=&#8221;120%|120%&#8221; border_radii=&#8221;off|20px|20px||&#8221; global_colors_info=&#8221;{}&#8221;][\/et_pb_image][et_pb_cta title=&#8221;Diplomado en Logoterapia&#8221; button_url=&#8221;#&#8221; _builder_version=&#8221;4.17.6&#8243; _module_preset=&#8221;default&#8221; header_level=&#8221;h4&#8243; header_font=&#8221;Jost|700|||||||&#8221; header_text_color=&#8221;#000000&#8243; header_line_height=&#8221;1.1em&#8221; body_font_size=&#8221;15px&#8221; body_line_height=&#8221;1.6em&#8221; background_color=&#8221;#FFFFFF&#8221; custom_button=&#8221;on&#8221; button_text_size=&#8221;14px&#8221; button_text_color=&#8221;#BAB7FD&#8221; button_bg_color=&#8221;RGBA(255,255,255,0)&#8221; button_border_width=&#8221;0px&#8221; button_border_radius=&#8221;0px&#8221; button_letter_spacing=&#8221;0.2em&#8221; button_font=&#8221;|700||on|||||&#8221; button_alignment=&#8221;left&#8221; button_custom_padding=&#8221;|||0px|false|false&#8221; text_orientation=&#8221;left&#8221; background_layout=&#8221;light&#8221; custom_padding=&#8221;30px|30px|30px|30px|true|true&#8221; body_font_size_tablet=&#8221;15px&#8221; body_font_size_phone=&#8221;14px&#8221; body_font_size_last_edited=&#8221;on|phone&#8221; border_radii=&#8221;off|||20px|20px&#8221; locked=&#8221;off&#8221; global_colors_info=&#8221;{}&#8221;]<\/p>\n<p>14o horas<\/p>\n<p>Instituto de Logoterapia<br \/>2003<\/p>\n<p>[\/et_pb_cta][\/et_pb_column][\/et_pb_row][\/et_pb_section][et_pb_section fb_built=&#8221;1&#8243; admin_label=&#8221;Amenities&#8221; _builder_version=&#8221;4.16&#8243; _module_preset=&#8221;default&#8221; background_color=&#8221;#f6f6f6&#8243; background_enable_image=&#8221;off&#8221; background_size=&#8221;contain&#8221; background_position=&#8221;top_left&#8221; global_colors_info=&#8221;{}&#8221;][et_pb_row _builder_version=&#8221;4.16&#8243; _module_preset=&#8221;default&#8221; global_colors_info=&#8221;{}&#8221;][et_pb_column type=&#8221;4_4&#8243; _builder_version=&#8221;4.16&#8243; _module_preset=&#8221;default&#8221; global_colors_info=&#8221;{}&#8221;][et_pb_text _builder_version=&#8221;4.17.6&#8243; _module_preset=&#8221;003e9429-8e11-4d9e-968b-8881092bbf81&#8243; header_2_font=&#8221;Jost|700|||||||&#8221; header_2_text_color=&#8221;#000000&#8243; header_2_font_size=&#8221;60px&#8221; header_2_line_height=&#8221;1.1em&#8221; use_background_color_gradient=&#8221;on&#8221; background_color_gradient_stops=&#8221;#88c65b 0%|#ffffff 99%&#8221; text_orientation=&#8221;center&#8221; module_alignment=&#8221;left&#8221; header_2_font_size_tablet=&#8221;32px&#8221; header_2_font_size_phone=&#8221;20px&#8221; header_2_font_size_last_edited=&#8221;on|phone&#8221; locked=&#8221;off&#8221; global_colors_info=&#8221;{}&#8221;]<\/p>\n<h2>Cursos<\/h2>\n<p>[\/et_pb_text][\/et_pb_column][\/et_pb_row][et_pb_row column_structure=&#8221;1_4,1_4,1_4,1_4&#8243; _builder_version=&#8221;4.17.6&#8243; _module_preset=&#8221;default&#8221; global_colors_info=&#8221;{}&#8221;][et_pb_column type=&#8221;1_4&#8243; _builder_version=&#8221;4.16&#8243; _module_preset=&#8221;default&#8221; global_colors_info=&#8221;{}&#8221;][et_pb_blurb title=&#8221;Master of Integral Yoga&#8221; use_icon=&#8221;on&#8221; font_icon=&#8221;&#xf679;||fa||900&#8243; icon_color=&#8221;#88C65B&#8221; image_icon_background_color=&#8221;#7246af&#8221; icon_placement=&#8221;left&#8221; content_max_width=&#8221;100%&#8221; _builder_version=&#8221;4.17.6&#8243; _module_preset=&#8221;bbd70754-49fa-4988-ad64-9765b3b8d0fe&#8221; header_font=&#8221;Jost|700|||||||&#8221; header_text_color=&#8221;#000000&#8243; header_line_height=&#8221;1.1em&#8221; body_font_size=&#8221;16px&#8221; body_line_height=&#8221;1.8em&#8221; background_enable_color=&#8221;off&#8221; animation=&#8221;off&#8221; body_font_size_tablet=&#8221;15px&#8221; body_font_size_phone=&#8221;14px&#8221; body_font_size_last_edited=&#8221;on|phone&#8221; border_radii_image=&#8221;on|50px|50px|50px|50px&#8221; border_width_all_image=&#8221;20px&#8221; border_color_all_image=&#8221;RGBA(255,255,255,0)&#8221; locked=&#8221;off&#8221; global_colors_info=&#8221;{}&#8221;]<\/p>\n<p>Federaci\u00f3n Argentina de Yoga<\/p>\n<p>2011<\/p>\n<p>[\/et_pb_blurb][\/et_pb_column][et_pb_column type=&#8221;1_4&#8243; _builder_version=&#8221;4.16&#8243; _module_preset=&#8221;default&#8221; global_colors_info=&#8221;{}&#8221;][et_pb_blurb title=&#8221;Master of Yoga&#8221; use_icon=&#8221;on&#8221; font_icon=&#8221;&#xf5bb;||fa||900&#8243; icon_color=&#8221;#7246af&#8221; image_icon_background_color=&#8221;rgba(142,198,105,0.85)&#8221; icon_placement=&#8221;left&#8221; content_max_width=&#8221;100%&#8221; _builder_version=&#8221;4.17.6&#8243; _module_preset=&#8221;bbd70754-49fa-4988-ad64-9765b3b8d0fe&#8221; header_font=&#8221;Jost|700|||||||&#8221; header_text_color=&#8221;#000000&#8243; header_line_height=&#8221;1.1em&#8221; body_font_size=&#8221;16px&#8221; body_line_height=&#8221;1.8em&#8221; background_enable_color=&#8221;off&#8221; animation=&#8221;off&#8221; body_font_size_tablet=&#8221;15px&#8221; body_font_size_phone=&#8221;14px&#8221; body_font_size_last_edited=&#8221;on|phone&#8221; border_radii_image=&#8221;on|500px|500px|500px|500px&#8221; border_width_all_image=&#8221;20px&#8221; border_color_all_image=&#8221;RGBA(255,255,255,0)&#8221; locked=&#8221;off&#8221; global_colors_info=&#8221;{}&#8221;]<\/p>\n<p>International Yoga Federation<\/p>\n<p>2011<\/p>\n<p>[\/et_pb_blurb][\/et_pb_column][et_pb_column type=&#8221;1_4&#8243; _builder_version=&#8221;4.16&#8243; _module_preset=&#8221;default&#8221; global_colors_info=&#8221;{}&#8221;][et_pb_blurb title=&#8221;Entrenamiento en t\u00e9cnicas de Meditaci\u00f3n Training&#8221; use_icon=&#8221;on&#8221; font_icon=&#8221;&#xf679;||fa||900&#8243; icon_color=&#8221;#88C65B&#8221; image_icon_background_color=&#8221;#7246af&#8221; icon_placement=&#8221;left&#8221; content_max_width=&#8221;100%&#8221; _builder_version=&#8221;4.17.6&#8243; _module_preset=&#8221;bbd70754-49fa-4988-ad64-9765b3b8d0fe&#8221; header_font=&#8221;Jost|700|||||||&#8221; header_text_color=&#8221;#000000&#8243; header_line_height=&#8221;1.1em&#8221; body_font_size=&#8221;16px&#8221; body_line_height=&#8221;1.8em&#8221; background_enable_color=&#8221;off&#8221; animation=&#8221;off&#8221; body_font_size_tablet=&#8221;15px&#8221; body_font_size_phone=&#8221;14px&#8221; body_font_size_last_edited=&#8221;on|phone&#8221; border_radii_image=&#8221;on|50px|50px|50px|50px&#8221; border_width_all_image=&#8221;20px&#8221; border_color_all_image=&#8221;RGBA(255,255,255,0)&#8221; locked=&#8221;off&#8221; global_colors_info=&#8221;{}&#8221;]<\/p>\n<p>Association for Yoga and Meditation in India, Indian Yoga Alliance<\/p>\n<p>International Yoga Federation and Yoga Alliance USA<\/p>\n<p>2014<\/p>\n<p>[\/et_pb_blurb][\/et_pb_column][et_pb_column type=&#8221;1_4&#8243; _builder_version=&#8221;4.16&#8243; _module_preset=&#8221;default&#8221; global_colors_info=&#8221;{}&#8221;][et_pb_blurb title=&#8221;Anatom\u00eda, fisiolog\u00eda y patolog\u00edas para el yoga terap\u00e9utico&#8221; use_icon=&#8221;on&#8221; font_icon=&#8221;&#xf5bb;||fa||900&#8243; icon_color=&#8221;#7246af&#8221; image_icon_background_color=&#8221;rgba(142,198,105,0.85)&#8221; icon_placement=&#8221;left&#8221; content_max_width=&#8221;100%&#8221; _builder_version=&#8221;4.17.6&#8243; _module_preset=&#8221;bbd70754-49fa-4988-ad64-9765b3b8d0fe&#8221; header_font=&#8221;Jost|700|||||||&#8221; header_text_color=&#8221;#000000&#8243; header_line_height=&#8221;1.1em&#8221; body_font_size=&#8221;16px&#8221; body_line_height=&#8221;1.8em&#8221; background_enable_color=&#8221;off&#8221; animation=&#8221;off&#8221; body_font_size_tablet=&#8221;15px&#8221; body_font_size_phone=&#8221;14px&#8221; body_font_size_last_edited=&#8221;on|phone&#8221; border_radii_image=&#8221;on|500px|500px|500px|500px&#8221; border_width_all_image=&#8221;20px&#8221; border_color_all_image=&#8221;RGBA(255,255,255,0)&#8221; locked=&#8221;off&#8221; global_colors_info=&#8221;{}&#8221;]<\/p>\n<p>Fisiom Yoga<\/p>\n<p>2018<\/p>\n<p>[\/et_pb_blurb][\/et_pb_column][\/et_pb_row][et_pb_row column_structure=&#8221;1_4,1_4,1_4,1_4&#8243; _builder_version=&#8221;4.17.6&#8243; _module_preset=&#8221;default&#8221; global_colors_info=&#8221;{}&#8221;][et_pb_column type=&#8221;1_4&#8243; _builder_version=&#8221;4.16&#8243; _module_preset=&#8221;default&#8221; global_colors_info=&#8221;{}&#8221;][et_pb_blurb title=&#8221;Discopat\u00edas Lumbares&#8221; use_icon=&#8221;on&#8221; font_icon=&#8221;&#xf679;||fa||900&#8243; icon_color=&#8221;#88C65B&#8221; image_icon_background_color=&#8221;#7246af&#8221; icon_placement=&#8221;left&#8221; content_max_width=&#8221;100%&#8221; _builder_version=&#8221;4.17.6&#8243; _module_preset=&#8221;bbd70754-49fa-4988-ad64-9765b3b8d0fe&#8221; header_font=&#8221;Jost|700|||||||&#8221; header_text_color=&#8221;#000000&#8243; header_line_height=&#8221;1.1em&#8221; body_font_size=&#8221;16px&#8221; body_line_height=&#8221;1.8em&#8221; background_enable_color=&#8221;off&#8221; animation=&#8221;off&#8221; body_font_size_tablet=&#8221;15px&#8221; body_font_size_phone=&#8221;14px&#8221; body_font_size_last_edited=&#8221;on|phone&#8221; border_radii_image=&#8221;on|50px|50px|50px|50px&#8221; border_width_all_image=&#8221;20px&#8221; border_color_all_image=&#8221;RGBA(255,255,255,0)&#8221; locked=&#8221;off&#8221; global_colors_info=&#8221;{}&#8221;]<\/p>\n<p>Degeneraci\u00f3n, Protrusi\u00f3n y Hernia Discal<\/p>\n<p>Fisiom Yoga<\/p>\n<p>2018<\/p>\n<p>[\/et_pb_blurb][\/et_pb_column][et_pb_column type=&#8221;1_4&#8243; _builder_version=&#8221;4.16&#8243; _module_preset=&#8221;default&#8221; global_colors_info=&#8221;{}&#8221;][et_pb_blurb title=&#8221;Profesor Certificado Ashtanga, Hatha and Vinyasa Yoga&#8221; use_icon=&#8221;on&#8221; font_icon=&#8221;&#xf5bb;||fa||900&#8243; icon_color=&#8221;#7246af&#8221; image_icon_background_color=&#8221;rgba(142,198,105,0.85)&#8221; icon_placement=&#8221;left&#8221; content_max_width=&#8221;100%&#8221; _builder_version=&#8221;4.17.6&#8243; _module_preset=&#8221;bbd70754-49fa-4988-ad64-9765b3b8d0fe&#8221; header_font=&#8221;Jost|700|||||||&#8221; header_text_color=&#8221;#000000&#8243; header_line_height=&#8221;1.1em&#8221; body_font_size=&#8221;16px&#8221; body_line_height=&#8221;1.8em&#8221; background_enable_color=&#8221;off&#8221; animation=&#8221;off&#8221; body_font_size_tablet=&#8221;15px&#8221; body_font_size_phone=&#8221;14px&#8221; body_font_size_last_edited=&#8221;on|phone&#8221; border_radii_image=&#8221;on|500px|500px|500px|500px&#8221; border_width_all_image=&#8221;20px&#8221; border_color_all_image=&#8221;RGBA(255,255,255,0)&#8221; locked=&#8221;off&#8221; global_colors_info=&#8221;{}&#8221;]<\/p>\n<p>Yoga Alliance<\/p>\n<p>Ashtanga Yoga M\u00e9xico Institute<\/p>\n<p>2014<\/p>\n<p>[\/et_pb_blurb][\/et_pb_column][et_pb_column type=&#8221;1_4&#8243; _builder_version=&#8221;4.16&#8243; _module_preset=&#8221;default&#8221; global_colors_info=&#8221;{}&#8221;][et_pb_blurb title=&#8221;Profundizando en Anatom\u00eda de las Asanas &#8221; use_icon=&#8221;on&#8221; font_icon=&#8221;&#xf679;||fa||900&#8243; icon_color=&#8221;#88C65B&#8221; image_icon_background_color=&#8221;#7246af&#8221; icon_placement=&#8221;left&#8221; content_max_width=&#8221;100%&#8221; _builder_version=&#8221;4.17.6&#8243; _module_preset=&#8221;bbd70754-49fa-4988-ad64-9765b3b8d0fe&#8221; header_font=&#8221;Jost|700|||||||&#8221; header_text_color=&#8221;#000000&#8243; header_line_height=&#8221;1.1em&#8221; body_font_size=&#8221;16px&#8221; body_line_height=&#8221;1.8em&#8221; background_enable_color=&#8221;off&#8221; animation=&#8221;off&#8221; body_font_size_tablet=&#8221;15px&#8221; body_font_size_phone=&#8221;14px&#8221; body_font_size_last_edited=&#8221;on|phone&#8221; border_radii_image=&#8221;on|50px|50px|50px|50px&#8221; border_width_all_image=&#8221;20px&#8221; border_color_all_image=&#8221;RGBA(255,255,255,0)&#8221; locked=&#8221;off&#8221; global_colors_info=&#8221;{}&#8221;]<\/p>\n<p>Integrative Yoga Therapy<br \/>2017<\/p>\n<p>[\/et_pb_blurb][\/et_pb_column][et_pb_column type=&#8221;1_4&#8243; _builder_version=&#8221;4.16&#8243; _module_preset=&#8221;default&#8221; global_colors_info=&#8221;{}&#8221;][et_pb_blurb title=&#8221;300 horas de Yoga y Ayurveda&#8221; use_icon=&#8221;on&#8221; font_icon=&#8221;&#xf5bb;||fa||900&#8243; icon_color=&#8221;#7246af&#8221; image_icon_background_color=&#8221;rgba(142,198,105,0.85)&#8221; icon_placement=&#8221;left&#8221; content_max_width=&#8221;100%&#8221; _builder_version=&#8221;4.17.6&#8243; _module_preset=&#8221;bbd70754-49fa-4988-ad64-9765b3b8d0fe&#8221; header_font=&#8221;Jost|700|||||||&#8221; header_text_color=&#8221;#000000&#8243; header_line_height=&#8221;1.1em&#8221; body_font_size=&#8221;16px&#8221; body_line_height=&#8221;1.8em&#8221; background_enable_color=&#8221;off&#8221; animation=&#8221;off&#8221; body_font_size_tablet=&#8221;15px&#8221; body_font_size_phone=&#8221;14px&#8221; body_font_size_last_edited=&#8221;on|phone&#8221; border_radii_image=&#8221;on|500px|500px|500px|500px&#8221; border_width_all_image=&#8221;20px&#8221; border_color_all_image=&#8221;RGBA(255,255,255,0)&#8221; locked=&#8221;off&#8221; global_colors_info=&#8221;{}&#8221;]<\/p>\n<p>Integrative Yoga Therapy<br \/>2017<\/p>\n<p>[\/et_pb_blurb][\/et_pb_column][\/et_pb_row][et_pb_row column_structure=&#8221;1_4,1_4,1_4,1_4&#8243; _builder_version=&#8221;4.17.6&#8243; _module_preset=&#8221;default&#8221; global_colors_info=&#8221;{}&#8221;][et_pb_column type=&#8221;1_4&#8243; _builder_version=&#8221;4.16&#8243; _module_preset=&#8221;default&#8221; global_colors_info=&#8221;{}&#8221;][et_pb_blurb title=&#8221;Anatom\u00eda y Fisiolog\u00eda&#8221; use_icon=&#8221;on&#8221; font_icon=&#8221;&#xf679;||fa||900&#8243; icon_color=&#8221;#88C65B&#8221; image_icon_background_color=&#8221;#7246af&#8221; icon_placement=&#8221;left&#8221; content_max_width=&#8221;100%&#8221; _builder_version=&#8221;4.17.6&#8243; _module_preset=&#8221;bbd70754-49fa-4988-ad64-9765b3b8d0fe&#8221; header_font=&#8221;Jost|700|||||||&#8221; header_text_color=&#8221;#000000&#8243; header_line_height=&#8221;1.1em&#8221; body_font_size=&#8221;16px&#8221; body_line_height=&#8221;1.8em&#8221; background_enable_color=&#8221;off&#8221; animation=&#8221;off&#8221; body_font_size_tablet=&#8221;15px&#8221; body_font_size_phone=&#8221;14px&#8221; body_font_size_last_edited=&#8221;on|phone&#8221; border_radii_image=&#8221;on|50px|50px|50px|50px&#8221; border_width_all_image=&#8221;20px&#8221; border_color_all_image=&#8221;RGBA(255,255,255,0)&#8221; locked=&#8221;off&#8221; global_colors_info=&#8221;{}&#8221;]<\/p>\n<p>Power Yoga Colombia<\/p>\n<p>2010<\/p>\n<p>[\/et_pb_blurb][\/et_pb_column][et_pb_column type=&#8221;1_4&#8243; _builder_version=&#8221;4.16&#8243; _module_preset=&#8221;default&#8221; global_colors_info=&#8221;{}&#8221;][et_pb_blurb title=&#8221;Power Yoga Alignment 1&#8243; use_icon=&#8221;on&#8221; font_icon=&#8221;&#xf5bb;||fa||900&#8243; icon_color=&#8221;#7246af&#8221; image_icon_background_color=&#8221;rgba(142,198,105,0.85)&#8221; icon_placement=&#8221;left&#8221; content_max_width=&#8221;100%&#8221; _builder_version=&#8221;4.17.6&#8243; _module_preset=&#8221;bbd70754-49fa-4988-ad64-9765b3b8d0fe&#8221; header_font=&#8221;Jost|700|||||||&#8221; header_text_color=&#8221;#000000&#8243; header_line_height=&#8221;1.1em&#8221; body_font_size=&#8221;16px&#8221; body_line_height=&#8221;1.8em&#8221; background_enable_color=&#8221;off&#8221; animation=&#8221;off&#8221; body_font_size_tablet=&#8221;15px&#8221; body_font_size_phone=&#8221;14px&#8221; body_font_size_last_edited=&#8221;on|phone&#8221; border_radii_image=&#8221;on|500px|500px|500px|500px&#8221; border_width_all_image=&#8221;20px&#8221; border_color_all_image=&#8221;RGBA(255,255,255,0)&#8221; locked=&#8221;off&#8221; global_colors_info=&#8221;{}&#8221;]<\/p>\n<p>Power Yoga Colombia<\/p>\n<p>2010<\/p>\n<p>[\/et_pb_blurb][\/et_pb_column][et_pb_column type=&#8221;1_4&#8243; _builder_version=&#8221;4.16&#8243; _module_preset=&#8221;default&#8221; global_colors_info=&#8221;{}&#8221;][et_pb_blurb title=&#8221;Profesor Certificado en Yoga para el Embarazo&#8221; use_icon=&#8221;on&#8221; font_icon=&#8221;&#xf679;||fa||900&#8243; icon_color=&#8221;#88C65B&#8221; image_icon_background_color=&#8221;#7246af&#8221; icon_placement=&#8221;left&#8221; content_max_width=&#8221;100%&#8221; _builder_version=&#8221;4.17.6&#8243; _module_preset=&#8221;bbd70754-49fa-4988-ad64-9765b3b8d0fe&#8221; header_font=&#8221;Jost|700|||||||&#8221; header_text_color=&#8221;#000000&#8243; header_line_height=&#8221;1.1em&#8221; body_font_size=&#8221;16px&#8221; body_line_height=&#8221;1.8em&#8221; background_enable_color=&#8221;off&#8221; animation=&#8221;off&#8221; body_font_size_tablet=&#8221;15px&#8221; body_font_size_phone=&#8221;14px&#8221; body_font_size_last_edited=&#8221;on|phone&#8221; border_radii_image=&#8221;on|50px|50px|50px|50px&#8221; border_width_all_image=&#8221;20px&#8221; border_color_all_image=&#8221;RGBA(255,255,255,0)&#8221; locked=&#8221;off&#8221; global_colors_info=&#8221;{}&#8221;]<\/p>\n<p>ENED CONADE<\/p>\n<p>Federaci\u00f3n Mexicana de Yoga Universal A.C<\/p>\n<p>2010<\/p>\n<p>[\/et_pb_blurb][\/et_pb_column][et_pb_column type=&#8221;1_4&#8243; _builder_version=&#8221;4.16&#8243; _module_preset=&#8221;default&#8221; global_colors_info=&#8221;{}&#8221;][et_pb_blurb title=&#8221;300 horas de Yoga y Ayurveda&#8221; use_icon=&#8221;on&#8221; font_icon=&#8221;&#xf5bb;||fa||900&#8243; icon_color=&#8221;#7246af&#8221; image_icon_background_color=&#8221;rgba(142,198,105,0.85)&#8221; icon_placement=&#8221;left&#8221; content_max_width=&#8221;100%&#8221; _builder_version=&#8221;4.17.6&#8243; _module_preset=&#8221;bbd70754-49fa-4988-ad64-9765b3b8d0fe&#8221; header_font=&#8221;Jost|700|||||||&#8221; header_text_color=&#8221;#000000&#8243; header_line_height=&#8221;1.1em&#8221; body_font_size=&#8221;16px&#8221; body_line_height=&#8221;1.8em&#8221; background_enable_color=&#8221;off&#8221; animation=&#8221;off&#8221; body_font_size_tablet=&#8221;15px&#8221; body_font_size_phone=&#8221;14px&#8221; body_font_size_last_edited=&#8221;on|phone&#8221; border_radii_image=&#8221;on|500px|500px|500px|500px&#8221; border_width_all_image=&#8221;20px&#8221; border_color_all_image=&#8221;RGBA(255,255,255,0)&#8221; locked=&#8221;off&#8221; global_colors_info=&#8221;{}&#8221;]<\/p>\n<p>Integrative Yoga Therapy<br \/>2017<\/p>\n<p>[\/et_pb_blurb][\/et_pb_column][\/et_pb_row][et_pb_row column_structure=&#8221;1_4,1_4,1_4,1_4&#8243; _builder_version=&#8221;4.17.6&#8243; _module_preset=&#8221;default&#8221; global_colors_info=&#8221;{}&#8221;][et_pb_column type=&#8221;1_4&#8243; _builder_version=&#8221;4.16&#8243; _module_preset=&#8221;default&#8221; global_colors_info=&#8221;{}&#8221;][et_pb_blurb title=&#8221;Profesor Certificado de Yoga 500 horas&#8221; use_icon=&#8221;on&#8221; font_icon=&#8221;&#xf679;||fa||900&#8243; icon_color=&#8221;#88C65B&#8221; image_icon_background_color=&#8221;#7246af&#8221; icon_placement=&#8221;left&#8221; content_max_width=&#8221;100%&#8221; _builder_version=&#8221;4.17.6&#8243; _module_preset=&#8221;bbd70754-49fa-4988-ad64-9765b3b8d0fe&#8221; header_font=&#8221;Jost|700|||||||&#8221; header_text_color=&#8221;#000000&#8243; header_line_height=&#8221;1.1em&#8221; body_font_size=&#8221;16px&#8221; body_line_height=&#8221;1.8em&#8221; background_enable_color=&#8221;off&#8221; animation=&#8221;off&#8221; body_font_size_tablet=&#8221;15px&#8221; body_font_size_phone=&#8221;14px&#8221; body_font_size_last_edited=&#8221;on|phone&#8221; border_radii_image=&#8221;on|50px|50px|50px|50px&#8221; border_width_all_image=&#8221;20px&#8221; border_color_all_image=&#8221;RGBA(255,255,255,0)&#8221; locked=&#8221;off&#8221; global_colors_info=&#8221;{}&#8221;]<\/p>\n<p>ENED CONADE<\/p>\n<p>Federaci\u00f3n Mexicana de Yoga Universal A.C<\/p>\n<p>2010<\/p>\n<p>[\/et_pb_blurb][\/et_pb_column][et_pb_column type=&#8221;1_4&#8243; _builder_version=&#8221;4.16&#8243; _module_preset=&#8221;default&#8221; global_colors_info=&#8221;{}&#8221;][et_pb_blurb title=&#8221;Profesor en Vinyasa Ashtanga Yoga&#8221; use_icon=&#8221;on&#8221; font_icon=&#8221;&#xf5bb;||fa||900&#8243; icon_color=&#8221;#7246af&#8221; image_icon_background_color=&#8221;rgba(142,198,105,0.85)&#8221; icon_placement=&#8221;left&#8221; content_max_width=&#8221;100%&#8221; _builder_version=&#8221;4.17.6&#8243; _module_preset=&#8221;bbd70754-49fa-4988-ad64-9765b3b8d0fe&#8221; header_font=&#8221;Jost|700|||||||&#8221; header_text_color=&#8221;#000000&#8243; header_line_height=&#8221;1.1em&#8221; body_font_size=&#8221;16px&#8221; body_line_height=&#8221;1.8em&#8221; background_enable_color=&#8221;off&#8221; animation=&#8221;off&#8221; body_font_size_tablet=&#8221;15px&#8221; body_font_size_phone=&#8221;14px&#8221; body_font_size_last_edited=&#8221;on|phone&#8221; border_radii_image=&#8221;on|500px|500px|500px|500px&#8221; border_width_all_image=&#8221;20px&#8221; border_color_all_image=&#8221;RGBA(255,255,255,0)&#8221; locked=&#8221;off&#8221; global_colors_info=&#8221;{}&#8221;]<\/p>\n<p>ENED CONADE<\/p>\n<p>Federaci\u00f3n Mexicana de Yoga Universal A.C.<\/p>\n<p>2010<\/p>\n<p>&nbsp;<\/p>\n<p>[\/et_pb_blurb][\/et_pb_column][et_pb_column type=&#8221;1_4&#8243; _builder_version=&#8221;4.16&#8243; _module_preset=&#8221;default&#8221; global_colors_info=&#8221;{}&#8221;][et_pb_blurb title=&#8221;Ayuryoga, Ayurveda and yoga principles for yoga teachers&#8221; use_icon=&#8221;on&#8221; font_icon=&#8221;&#xf679;||fa||900&#8243; icon_color=&#8221;#88C65B&#8221; image_icon_background_color=&#8221;#7246af&#8221; icon_placement=&#8221;left&#8221; content_max_width=&#8221;100%&#8221; _builder_version=&#8221;4.17.6&#8243; _module_preset=&#8221;bbd70754-49fa-4988-ad64-9765b3b8d0fe&#8221; header_font=&#8221;Jost|700|||||||&#8221; header_text_color=&#8221;#000000&#8243; header_line_height=&#8221;1.1em&#8221; body_font_size=&#8221;16px&#8221; body_line_height=&#8221;1.8em&#8221; background_enable_color=&#8221;off&#8221; animation=&#8221;off&#8221; body_font_size_tablet=&#8221;15px&#8221; body_font_size_phone=&#8221;14px&#8221; body_font_size_last_edited=&#8221;on|phone&#8221; border_radii_image=&#8221;on|50px|50px|50px|50px&#8221; border_width_all_image=&#8221;20px&#8221; border_color_all_image=&#8221;RGBA(255,255,255,0)&#8221; locked=&#8221;off&#8221; global_colors_info=&#8221;{}&#8221;]<\/p>\n<p>Serena Aurora.<\/p>\n<p>2016<\/p>\n<p>[\/et_pb_blurb][\/et_pb_column][et_pb_column type=&#8221;1_4&#8243; _builder_version=&#8221;4.16&#8243; _module_preset=&#8221;default&#8221; global_colors_info=&#8221;{}&#8221;][et_pb_blurb title=&#8221;Curso Certificado de SC Pilates Mat&#8221; use_icon=&#8221;on&#8221; font_icon=&#8221;&#xf5bb;||fa||900&#8243; icon_color=&#8221;#7246af&#8221; image_icon_background_color=&#8221;rgba(142,198,105,0.85)&#8221; icon_placement=&#8221;left&#8221; content_max_width=&#8221;100%&#8221; _builder_version=&#8221;4.17.6&#8243; _module_preset=&#8221;bbd70754-49fa-4988-ad64-9765b3b8d0fe&#8221; header_font=&#8221;Jost|700|||||||&#8221; header_text_color=&#8221;#000000&#8243; header_line_height=&#8221;1.1em&#8221; body_font_size=&#8221;16px&#8221; body_line_height=&#8221;1.8em&#8221; background_enable_color=&#8221;off&#8221; animation=&#8221;off&#8221; body_font_size_tablet=&#8221;15px&#8221; body_font_size_phone=&#8221;14px&#8221; body_font_size_last_edited=&#8221;on|phone&#8221; border_radii_image=&#8221;on|500px|500px|500px|500px&#8221; border_width_all_image=&#8221;20px&#8221; border_color_all_image=&#8221;RGBA(255,255,255,0)&#8221; locked=&#8221;off&#8221; global_colors_info=&#8221;{}&#8221;]<\/p>\n<p>Sport City<\/p>\n<p>2012<\/p>\n<p>[\/et_pb_blurb][\/et_pb_column][\/et_pb_row][et_pb_row column_structure=&#8221;1_4,1_4,1_4,1_4&#8243; _builder_version=&#8221;4.17.6&#8243; _module_preset=&#8221;default&#8221; global_colors_info=&#8221;{}&#8221;][et_pb_column type=&#8221;1_4&#8243; _builder_version=&#8221;4.16&#8243; _module_preset=&#8221;default&#8221; global_colors_info=&#8221;{}&#8221;][et_pb_blurb title=&#8221;Constancia como Entrenador Profesional&#8221; use_icon=&#8221;on&#8221; font_icon=&#8221;&#xf679;||fa||900&#8243; icon_color=&#8221;#88C65B&#8221; image_icon_background_color=&#8221;#7246af&#8221; icon_placement=&#8221;left&#8221; content_max_width=&#8221;100%&#8221; _builder_version=&#8221;4.17.6&#8243; _module_preset=&#8221;bbd70754-49fa-4988-ad64-9765b3b8d0fe&#8221; header_font=&#8221;Jost|700|||||||&#8221; header_text_color=&#8221;#000000&#8243; header_line_height=&#8221;1.1em&#8221; body_font_size=&#8221;16px&#8221; body_line_height=&#8221;1.8em&#8221; background_enable_color=&#8221;off&#8221; animation=&#8221;off&#8221; body_font_size_tablet=&#8221;15px&#8221; body_font_size_phone=&#8221;14px&#8221; body_font_size_last_edited=&#8221;on|phone&#8221; border_radii_image=&#8221;on|50px|50px|50px|50px&#8221; border_width_all_image=&#8221;20px&#8221; border_color_all_image=&#8221;RGBA(255,255,255,0)&#8221; locked=&#8221;off&#8221; global_colors_info=&#8221;{}&#8221;]<\/p>\n<p>F\u00edsico Deportivo en \u201cPilates\u201d<\/p>\n<p>2011<\/p>\n<p>[\/et_pb_blurb][\/et_pb_column][et_pb_column type=&#8221;1_4&#8243; _builder_version=&#8221;4.16&#8243; _module_preset=&#8221;default&#8221; global_colors_info=&#8221;{}&#8221;][et_pb_blurb title=&#8221;Certificado de Ordenaci\u00f3n como Obispo \/ Acharya&#8221; use_icon=&#8221;on&#8221; font_icon=&#8221;&#xf5bb;||fa||900&#8243; icon_color=&#8221;#7246af&#8221; image_icon_background_color=&#8221;rgba(142,198,105,0.85)&#8221; icon_placement=&#8221;left&#8221; content_max_width=&#8221;100%&#8221; _builder_version=&#8221;4.17.6&#8243; _module_preset=&#8221;bbd70754-49fa-4988-ad64-9765b3b8d0fe&#8221; header_font=&#8221;Jost|700|||||||&#8221; header_text_color=&#8221;#000000&#8243; header_line_height=&#8221;1.1em&#8221; body_font_size=&#8221;16px&#8221; body_line_height=&#8221;1.8em&#8221; background_enable_color=&#8221;off&#8221; animation=&#8221;off&#8221; body_font_size_tablet=&#8221;15px&#8221; body_font_size_phone=&#8221;14px&#8221; body_font_size_last_edited=&#8221;on|phone&#8221; border_radii_image=&#8221;on|500px|500px|500px|500px&#8221; border_width_all_image=&#8221;20px&#8221; border_color_all_image=&#8221;RGBA(255,255,255,0)&#8221; locked=&#8221;off&#8221; global_colors_info=&#8221;{}&#8221;]<\/p>\n<p>Tradici\u00f3n Mahajrya Bauddha Amnaya Mahajrya<\/p>\n<p>2012<\/p>\n<p>&nbsp;<\/p>\n<p>[\/et_pb_blurb][\/et_pb_column][et_pb_column type=&#8221;1_4&#8243; _builder_version=&#8221;4.16&#8243; _module_preset=&#8221;default&#8221; global_colors_info=&#8221;{}&#8221;][et_pb_blurb title=&#8221;Anatomy and Yoga Therapy Conference&#8221; use_icon=&#8221;on&#8221; font_icon=&#8221;&#xf679;||fa||900&#8243; icon_color=&#8221;#88C65B&#8221; image_icon_background_color=&#8221;#7246af&#8221; icon_placement=&#8221;left&#8221; content_max_width=&#8221;100%&#8221; _builder_version=&#8221;4.17.6&#8243; _module_preset=&#8221;bbd70754-49fa-4988-ad64-9765b3b8d0fe&#8221; header_font=&#8221;Jost|700|||||||&#8221; header_text_color=&#8221;#000000&#8243; header_line_height=&#8221;1.1em&#8221; body_font_size=&#8221;16px&#8221; body_line_height=&#8221;1.8em&#8221; background_enable_color=&#8221;off&#8221; animation=&#8221;off&#8221; body_font_size_tablet=&#8221;15px&#8221; body_font_size_phone=&#8221;14px&#8221; body_font_size_last_edited=&#8221;on|phone&#8221; border_radii_image=&#8221;on|50px|50px|50px|50px&#8221; border_width_all_image=&#8221;20px&#8221; border_color_all_image=&#8221;RGBA(255,255,255,0)&#8221; locked=&#8221;off&#8221; global_colors_info=&#8221;{}&#8221;]<\/p>\n<p>Yoga Internacional<\/p>\n<p>2018<\/p>\n<p>[\/et_pb_blurb][\/et_pb_column][et_pb_column type=&#8221;1_4&#8243; _builder_version=&#8221;4.16&#8243; _module_preset=&#8221;default&#8221; global_colors_info=&#8221;{}&#8221;][et_pb_blurb title=&#8221;Enfoque Terap\u00e9utico del Yoga como auxiliar para la salud&#8221; use_icon=&#8221;on&#8221; font_icon=&#8221;&#xf5bb;||fa||900&#8243; icon_color=&#8221;#7246af&#8221; image_icon_background_color=&#8221;rgba(142,198,105,0.85)&#8221; icon_placement=&#8221;left&#8221; content_max_width=&#8221;100%&#8221; _builder_version=&#8221;4.17.6&#8243; _module_preset=&#8221;bbd70754-49fa-4988-ad64-9765b3b8d0fe&#8221; header_font=&#8221;Jost|700|||||||&#8221; header_text_color=&#8221;#000000&#8243; header_line_height=&#8221;1.1em&#8221; body_font_size=&#8221;16px&#8221; body_line_height=&#8221;1.8em&#8221; background_enable_color=&#8221;off&#8221; animation=&#8221;off&#8221; body_font_size_tablet=&#8221;15px&#8221; body_font_size_phone=&#8221;14px&#8221; body_font_size_last_edited=&#8221;on|phone&#8221; border_radii_image=&#8221;on|500px|500px|500px|500px&#8221; border_width_all_image=&#8221;20px&#8221; border_color_all_image=&#8221;RGBA(255,255,255,0)&#8221; locked=&#8221;off&#8221; global_colors_info=&#8221;{}&#8221;]<\/p>\n<p>Universidad Nacional Aut\u00f3noma de M\u00e9xico UNAM<\/p>\n<p>2017<\/p>\n<p>[\/et_pb_blurb][\/et_pb_column][\/et_pb_row][et_pb_row column_structure=&#8221;1_4,1_4,1_4,1_4&#8243; _builder_version=&#8221;4.17.6&#8243; _module_preset=&#8221;default&#8221; global_colors_info=&#8221;{}&#8221;][et_pb_column type=&#8221;1_4&#8243; _builder_version=&#8221;4.16&#8243; _module_preset=&#8221;default&#8221; global_colors_info=&#8221;{}&#8221;][et_pb_blurb title=&#8221;Curso para Formador de Instructores&#8221; use_icon=&#8221;on&#8221; font_icon=&#8221;&#xf679;||fa||900&#8243; icon_color=&#8221;#88C65B&#8221; image_icon_background_color=&#8221;#7246af&#8221; icon_placement=&#8221;left&#8221; content_max_width=&#8221;100%&#8221; _builder_version=&#8221;4.17.6&#8243; _module_preset=&#8221;bbd70754-49fa-4988-ad64-9765b3b8d0fe&#8221; header_font=&#8221;Jost|700|||||||&#8221; header_text_color=&#8221;#000000&#8243; header_line_height=&#8221;1.1em&#8221; body_font_size=&#8221;16px&#8221; body_line_height=&#8221;1.8em&#8221; background_enable_color=&#8221;off&#8221; animation=&#8221;off&#8221; body_font_size_tablet=&#8221;15px&#8221; body_font_size_phone=&#8221;14px&#8221; body_font_size_last_edited=&#8221;on|phone&#8221; border_radii_image=&#8221;on|50px|50px|50px|50px&#8221; border_width_all_image=&#8221;20px&#8221; border_color_all_image=&#8221;RGBA(255,255,255,0)&#8221; locked=&#8221;off&#8221; global_colors_info=&#8221;{}&#8221;]<\/p>\n<p>Alonso del Regil Camet<\/p>\n<p>2017<\/p>\n<p>[\/et_pb_blurb][\/et_pb_column][et_pb_column type=&#8221;1_4&#8243; _builder_version=&#8221;4.16&#8243; _module_preset=&#8221;default&#8221; global_colors_info=&#8221;{}&#8221;][et_pb_blurb title=&#8221;Certificado de Ordenaci\u00f3n como Obispo \/ Acharya&#8221; use_icon=&#8221;on&#8221; font_icon=&#8221;&#xf5bb;||fa||900&#8243; icon_color=&#8221;#7246af&#8221; image_icon_background_color=&#8221;rgba(142,198,105,0.85)&#8221; icon_placement=&#8221;left&#8221; content_max_width=&#8221;100%&#8221; _builder_version=&#8221;4.17.6&#8243; _module_preset=&#8221;bbd70754-49fa-4988-ad64-9765b3b8d0fe&#8221; header_font=&#8221;Jost|700|||||||&#8221; header_text_color=&#8221;#000000&#8243; header_line_height=&#8221;1.1em&#8221; body_font_size=&#8221;16px&#8221; body_line_height=&#8221;1.8em&#8221; background_enable_color=&#8221;off&#8221; animation=&#8221;off&#8221; body_font_size_tablet=&#8221;15px&#8221; body_font_size_phone=&#8221;14px&#8221; body_font_size_last_edited=&#8221;on|phone&#8221; border_radii_image=&#8221;on|500px|500px|500px|500px&#8221; border_width_all_image=&#8221;20px&#8221; border_color_all_image=&#8221;RGBA(255,255,255,0)&#8221; locked=&#8221;off&#8221; global_colors_info=&#8221;{}&#8221;]<\/p>\n<p>Tradici\u00f3n Mahajrya Bauddha Amnaya Mahajrya<\/p>\n<p>2012<\/p>\n<p>&nbsp;<\/p>\n<p>[\/et_pb_blurb][\/et_pb_column][et_pb_column type=&#8221;1_4&#8243; _builder_version=&#8221;4.16&#8243; _module_preset=&#8221;default&#8221; global_colors_info=&#8221;{}&#8221;][et_pb_blurb title=&#8221;Anatomy and Yoga Therapy Conference&#8221; use_icon=&#8221;on&#8221; font_icon=&#8221;&#xf679;||fa||900&#8243; icon_color=&#8221;#88C65B&#8221; image_icon_background_color=&#8221;#7246af&#8221; icon_placement=&#8221;left&#8221; content_max_width=&#8221;100%&#8221; _builder_version=&#8221;4.17.6&#8243; _module_preset=&#8221;bbd70754-49fa-4988-ad64-9765b3b8d0fe&#8221; header_font=&#8221;Jost|700|||||||&#8221; header_text_color=&#8221;#000000&#8243; header_line_height=&#8221;1.1em&#8221; body_font_size=&#8221;16px&#8221; body_line_height=&#8221;1.8em&#8221; background_enable_color=&#8221;off&#8221; animation=&#8221;off&#8221; body_font_size_tablet=&#8221;15px&#8221; body_font_size_phone=&#8221;14px&#8221; body_font_size_last_edited=&#8221;on|phone&#8221; border_radii_image=&#8221;on|50px|50px|50px|50px&#8221; border_width_all_image=&#8221;20px&#8221; border_color_all_image=&#8221;RGBA(255,255,255,0)&#8221; locked=&#8221;off&#8221; global_colors_info=&#8221;{}&#8221;]<\/p>\n<p>Yoga Internacional<\/p>\n<p>2018<\/p>\n<p>[\/et_pb_blurb][\/et_pb_column][et_pb_column type=&#8221;1_4&#8243; _builder_version=&#8221;4.16&#8243; _module_preset=&#8221;default&#8221; global_colors_info=&#8221;{}&#8221;][et_pb_blurb title=&#8221;Enfoque Terap\u00e9utico del Yoga como auxiliar para la salud&#8221; use_icon=&#8221;on&#8221; font_icon=&#8221;&#xf5bb;||fa||900&#8243; icon_color=&#8221;#7246af&#8221; image_icon_background_color=&#8221;rgba(142,198,105,0.85)&#8221; icon_placement=&#8221;left&#8221; content_max_width=&#8221;100%&#8221; _builder_version=&#8221;4.17.6&#8243; _module_preset=&#8221;bbd70754-49fa-4988-ad64-9765b3b8d0fe&#8221; header_font=&#8221;Jost|700|||||||&#8221; header_text_color=&#8221;#000000&#8243; header_line_height=&#8221;1.1em&#8221; body_font_size=&#8221;16px&#8221; body_line_height=&#8221;1.8em&#8221; background_enable_color=&#8221;off&#8221; animation=&#8221;off&#8221; body_font_size_tablet=&#8221;15px&#8221; body_font_size_phone=&#8221;14px&#8221; body_font_size_last_edited=&#8221;on|phone&#8221; border_radii_image=&#8221;on|500px|500px|500px|500px&#8221; border_width_all_image=&#8221;20px&#8221; border_color_all_image=&#8221;RGBA(255,255,255,0)&#8221; locked=&#8221;off&#8221; global_colors_info=&#8221;{}&#8221;]<\/p>\n<p>Universidad Nacional Aut\u00f3noma de M\u00e9xico UNAM<\/p>\n<p>2017<\/p>\n<p>[\/et_pb_blurb][\/et_pb_column][\/et_pb_row][et_pb_row column_structure=&#8221;1_4,1_4,1_4,1_4&#8243; _builder_version=&#8221;4.17.6&#8243; _module_preset=&#8221;default&#8221; global_colors_info=&#8221;{}&#8221;][et_pb_column type=&#8221;1_4&#8243; _builder_version=&#8221;4.16&#8243; _module_preset=&#8221;default&#8221; global_colors_info=&#8221;{}&#8221;][et_pb_blurb title=&#8221;Curso para Formador de Instructores&#8221; use_icon=&#8221;on&#8221; font_icon=&#8221;&#xf679;||fa||900&#8243; icon_color=&#8221;#88C65B&#8221; image_icon_background_color=&#8221;#7246af&#8221; icon_placement=&#8221;left&#8221; content_max_width=&#8221;100%&#8221; _builder_version=&#8221;4.17.6&#8243; _module_preset=&#8221;bbd70754-49fa-4988-ad64-9765b3b8d0fe&#8221; header_font=&#8221;Jost|700|||||||&#8221; header_text_color=&#8221;#000000&#8243; header_line_height=&#8221;1.1em&#8221; body_font_size=&#8221;16px&#8221; body_line_height=&#8221;1.8em&#8221; background_enable_color=&#8221;off&#8221; animation=&#8221;off&#8221; body_font_size_tablet=&#8221;15px&#8221; body_font_size_phone=&#8221;14px&#8221; body_font_size_last_edited=&#8221;on|phone&#8221; border_radii_image=&#8221;on|50px|50px|50px|50px&#8221; border_width_all_image=&#8221;20px&#8221; border_color_all_image=&#8221;RGBA(255,255,255,0)&#8221; locked=&#8221;off&#8221; global_colors_info=&#8221;{}&#8221;]<\/p>\n<p>Alonso del Regil Camet<\/p>\n<p>2017<\/p>\n<p>[\/et_pb_blurb][\/et_pb_column][et_pb_column type=&#8221;1_4&#8243; _builder_version=&#8221;4.16&#8243; _module_preset=&#8221;default&#8221; global_colors_info=&#8221;{}&#8221;][et_pb_blurb title=&#8221;Certificado de Ordenaci\u00f3n como Obispo \/ Acharya&#8221; use_icon=&#8221;on&#8221; font_icon=&#8221;&#xf5bb;||fa||900&#8243; icon_color=&#8221;#7246af&#8221; image_icon_background_color=&#8221;rgba(142,198,105,0.85)&#8221; icon_placement=&#8221;left&#8221; content_max_width=&#8221;100%&#8221; _builder_version=&#8221;4.17.6&#8243; _module_preset=&#8221;bbd70754-49fa-4988-ad64-9765b3b8d0fe&#8221; header_font=&#8221;Jost|700|||||||&#8221; header_text_color=&#8221;#000000&#8243; header_line_height=&#8221;1.1em&#8221; body_font_size=&#8221;16px&#8221; body_line_height=&#8221;1.8em&#8221; background_enable_color=&#8221;off&#8221; animation=&#8221;off&#8221; body_font_size_tablet=&#8221;15px&#8221; body_font_size_phone=&#8221;14px&#8221; body_font_size_last_edited=&#8221;on|phone&#8221; border_radii_image=&#8221;on|500px|500px|500px|500px&#8221; border_width_all_image=&#8221;20px&#8221; border_color_all_image=&#8221;RGBA(255,255,255,0)&#8221; locked=&#8221;off&#8221; global_colors_info=&#8221;{}&#8221;]<\/p>\n<p>Tradici\u00f3n Mahajrya Bauddha Amnaya Mahajrya<\/p>\n<p>2012<\/p>\n<p>&nbsp;<\/p>\n<p>[\/et_pb_blurb][\/et_pb_column][et_pb_column type=&#8221;1_4&#8243; _builder_version=&#8221;4.16&#8243; _module_preset=&#8221;default&#8221; global_colors_info=&#8221;{}&#8221;][et_pb_blurb title=&#8221;Anatomy and Yoga Therapy Conference&#8221; use_icon=&#8221;on&#8221; font_icon=&#8221;&#xf679;||fa||900&#8243; icon_color=&#8221;#88C65B&#8221; image_icon_background_color=&#8221;#7246af&#8221; icon_placement=&#8221;left&#8221; content_max_width=&#8221;100%&#8221; _builder_version=&#8221;4.17.6&#8243; _module_preset=&#8221;bbd70754-49fa-4988-ad64-9765b3b8d0fe&#8221; header_font=&#8221;Jost|700|||||||&#8221; header_text_color=&#8221;#000000&#8243; header_line_height=&#8221;1.1em&#8221; body_font_size=&#8221;16px&#8221; body_line_height=&#8221;1.8em&#8221; background_enable_color=&#8221;off&#8221; animation=&#8221;off&#8221; body_font_size_tablet=&#8221;15px&#8221; body_font_size_phone=&#8221;14px&#8221; body_font_size_last_edited=&#8221;on|phone&#8221; border_radii_image=&#8221;on|50px|50px|50px|50px&#8221; border_width_all_image=&#8221;20px&#8221; border_color_all_image=&#8221;RGBA(255,255,255,0)&#8221; locked=&#8221;off&#8221; global_colors_info=&#8221;{}&#8221;]<\/p>\n<p>Yoga Internacional<\/p>\n<p>2018<\/p>\n<p>[\/et_pb_blurb][\/et_pb_column][et_pb_column type=&#8221;1_4&#8243; _builder_version=&#8221;4.16&#8243; _module_preset=&#8221;default&#8221; global_colors_info=&#8221;{}&#8221;][et_pb_blurb title=&#8221;Enfoque Terap\u00e9utico del Yoga como auxiliar para la salud&#8221; use_icon=&#8221;on&#8221; font_icon=&#8221;&#xf5bb;||fa||900&#8243; icon_color=&#8221;#7246af&#8221; image_icon_background_color=&#8221;rgba(142,198,105,0.85)&#8221; icon_placement=&#8221;left&#8221; content_max_width=&#8221;100%&#8221; _builder_version=&#8221;4.17.6&#8243; _module_preset=&#8221;bbd70754-49fa-4988-ad64-9765b3b8d0fe&#8221; header_font=&#8221;Jost|700|||||||&#8221; header_text_color=&#8221;#000000&#8243; header_line_height=&#8221;1.1em&#8221; body_font_size=&#8221;16px&#8221; body_line_height=&#8221;1.8em&#8221; background_enable_color=&#8221;off&#8221; animation=&#8221;off&#8221; body_font_size_tablet=&#8221;15px&#8221; body_font_size_phone=&#8221;14px&#8221; body_font_size_last_edited=&#8221;on|phone&#8221; border_radii_image=&#8221;on|500px|500px|500px|500px&#8221; border_width_all_image=&#8221;20px&#8221; border_color_all_image=&#8221;RGBA(255,255,255,0)&#8221; locked=&#8221;off&#8221; global_colors_info=&#8221;{}&#8221;]<\/p>\n<p>Universidad Nacional Aut\u00f3noma de M\u00e9xico UNAM<\/p>\n<p>2017<\/p>\n<p>[\/et_pb_blurb][\/et_pb_column][\/et_pb_row][et_pb_row column_structure=&#8221;1_4,1_4,1_4,1_4&#8243; _builder_version=&#8221;4.17.6&#8243; _module_preset=&#8221;default&#8221; global_colors_info=&#8221;{}&#8221;][et_pb_column type=&#8221;1_4&#8243; _builder_version=&#8221;4.16&#8243; _module_preset=&#8221;default&#8221; global_colors_info=&#8221;{}&#8221;][et_pb_blurb title=&#8221;Curso Certificado de SC Pilates Mat&#8221; use_icon=&#8221;on&#8221; font_icon=&#8221;&#xf679;||fa||900&#8243; icon_color=&#8221;#88C65B&#8221; image_icon_background_color=&#8221;#7246af&#8221; icon_placement=&#8221;left&#8221; content_max_width=&#8221;100%&#8221; _builder_version=&#8221;4.17.6&#8243; _module_preset=&#8221;bbd70754-49fa-4988-ad64-9765b3b8d0fe&#8221; header_font=&#8221;Jost|700|||||||&#8221; header_text_color=&#8221;#000000&#8243; header_line_height=&#8221;1.1em&#8221; body_font_size=&#8221;16px&#8221; body_line_height=&#8221;1.8em&#8221; background_enable_color=&#8221;off&#8221; animation=&#8221;off&#8221; body_font_size_tablet=&#8221;15px&#8221; body_font_size_phone=&#8221;14px&#8221; body_font_size_last_edited=&#8221;on|phone&#8221; border_radii_image=&#8221;on|50px|50px|50px|50px&#8221; border_width_all_image=&#8221;20px&#8221; border_color_all_image=&#8221;RGBA(255,255,255,0)&#8221; locked=&#8221;off&#8221; global_colors_info=&#8221;{}&#8221;]<\/p>\n<p>Sport City<\/p>\n<p>2012<\/p>\n<p>[\/et_pb_blurb][\/et_pb_column][et_pb_column type=&#8221;1_4&#8243; _builder_version=&#8221;4.16&#8243; _module_preset=&#8221;default&#8221; global_colors_info=&#8221;{}&#8221;][et_pb_blurb title=&#8221;Constancia como Entrenador Profesional &#8221; use_icon=&#8221;on&#8221; font_icon=&#8221;&#xf5bb;||fa||900&#8243; icon_color=&#8221;#7246af&#8221; image_icon_background_color=&#8221;rgba(142,198,105,0.85)&#8221; icon_placement=&#8221;left&#8221; content_max_width=&#8221;100%&#8221; _builder_version=&#8221;4.17.6&#8243; _module_preset=&#8221;bbd70754-49fa-4988-ad64-9765b3b8d0fe&#8221; header_font=&#8221;Jost|700|||||||&#8221; header_text_color=&#8221;#000000&#8243; header_line_height=&#8221;1.1em&#8221; body_font_size=&#8221;16px&#8221; body_line_height=&#8221;1.8em&#8221; background_enable_color=&#8221;off&#8221; animation=&#8221;off&#8221; body_font_size_tablet=&#8221;15px&#8221; body_font_size_phone=&#8221;14px&#8221; body_font_size_last_edited=&#8221;on|phone&#8221; border_radii_image=&#8221;on|500px|500px|500px|500px&#8221; border_width_all_image=&#8221;20px&#8221; border_color_all_image=&#8221;RGBA(255,255,255,0)&#8221; locked=&#8221;off&#8221; global_colors_info=&#8221;{}&#8221;]<\/p>\n<p>F\u00edsico Deportivo en \u201cPilates\u201d<\/p>\n<p>2011<\/p>\n<p>&nbsp;<\/p>\n<p>[\/et_pb_blurb][\/et_pb_column][et_pb_column type=&#8221;1_4&#8243; _builder_version=&#8221;4.16&#8243; _module_preset=&#8221;default&#8221; global_colors_info=&#8221;{}&#8221;][et_pb_blurb title=&#8221;Anatomy and Yoga Therapy Conference&#8221; use_icon=&#8221;on&#8221; font_icon=&#8221;&#xf679;||fa||900&#8243; icon_color=&#8221;#88C65B&#8221; image_icon_background_color=&#8221;#7246af&#8221; icon_placement=&#8221;left&#8221; content_max_width=&#8221;100%&#8221; _builder_version=&#8221;4.17.6&#8243; _module_preset=&#8221;bbd70754-49fa-4988-ad64-9765b3b8d0fe&#8221; header_font=&#8221;Jost|700|||||||&#8221; header_text_color=&#8221;#000000&#8243; header_line_height=&#8221;1.1em&#8221; body_font_size=&#8221;16px&#8221; body_line_height=&#8221;1.8em&#8221; background_enable_color=&#8221;off&#8221; animation=&#8221;off&#8221; body_font_size_tablet=&#8221;15px&#8221; body_font_size_phone=&#8221;14px&#8221; body_font_size_last_edited=&#8221;on|phone&#8221; border_radii_image=&#8221;on|50px|50px|50px|50px&#8221; border_width_all_image=&#8221;20px&#8221; border_color_all_image=&#8221;RGBA(255,255,255,0)&#8221; locked=&#8221;off&#8221; global_colors_info=&#8221;{}&#8221;]<\/p>\n<p>Yoga Internacional<\/p>\n<p>2018<\/p>\n<p>[\/et_pb_blurb][\/et_pb_column][et_pb_column type=&#8221;1_4&#8243; _builder_version=&#8221;4.16&#8243; _module_preset=&#8221;default&#8221; global_colors_info=&#8221;{}&#8221;][et_pb_blurb title=&#8221;Enfoque Terap\u00e9utico del Yoga como auxiliar para la salud&#8221; use_icon=&#8221;on&#8221; font_icon=&#8221;&#xf5bb;||fa||900&#8243; icon_color=&#8221;#7246af&#8221; image_icon_background_color=&#8221;rgba(142,198,105,0.85)&#8221; icon_placement=&#8221;left&#8221; content_max_width=&#8221;100%&#8221; _builder_version=&#8221;4.17.6&#8243; _module_preset=&#8221;bbd70754-49fa-4988-ad64-9765b3b8d0fe&#8221; header_font=&#8221;Jost|700|||||||&#8221; header_text_color=&#8221;#000000&#8243; header_line_height=&#8221;1.1em&#8221; body_font_size=&#8221;16px&#8221; body_line_height=&#8221;1.8em&#8221; background_enable_color=&#8221;off&#8221; animation=&#8221;off&#8221; body_font_size_tablet=&#8221;15px&#8221; body_font_size_phone=&#8221;14px&#8221; body_font_size_last_edited=&#8221;on|phone&#8221; border_radii_image=&#8221;on|500px|500px|500px|500px&#8221; border_width_all_image=&#8221;20px&#8221; border_color_all_image=&#8221;RGBA(255,255,255,0)&#8221; locked=&#8221;off&#8221; global_colors_info=&#8221;{}&#8221;]<\/p>\n<p>Universidad Nacional Aut\u00f3noma de M\u00e9xico UNAM<\/p>\n<p>2017<\/p>\n<p>[\/et_pb_blurb][\/et_pb_column][\/et_pb_row][\/et_pb_section][et_pb_section fb_built=&#8221;1&#8243; admin_label=&#8221;Amenities&#8221; _builder_version=&#8221;4.16&#8243; _module_preset=&#8221;default&#8221; background_color=&#8221;#f6f6f6&#8243; background_enable_image=&#8221;off&#8221; background_size=&#8221;contain&#8221; background_position=&#8221;top_left&#8221; global_colors_info=&#8221;{}&#8221;][et_pb_row _builder_version=&#8221;4.16&#8243; _module_preset=&#8221;default&#8221; global_colors_info=&#8221;{}&#8221;][et_pb_column type=&#8221;4_4&#8243; _builder_version=&#8221;4.16&#8243; _module_preset=&#8221;default&#8221; global_colors_info=&#8221;{}&#8221;][et_pb_text _builder_version=&#8221;4.17.6&#8243; _module_preset=&#8221;003e9429-8e11-4d9e-968b-8881092bbf81&#8243; header_2_font=&#8221;Jost|700|||||||&#8221; header_2_text_color=&#8221;#000000&#8243; header_2_font_size=&#8221;60px&#8221; header_2_line_height=&#8221;1.1em&#8221; use_background_color_gradient=&#8221;on&#8221; background_color_gradient_stops=&#8221;#0c71c3 0%|#ffffff 99%&#8221; text_orientation=&#8221;center&#8221; module_alignment=&#8221;left&#8221; header_2_font_size_tablet=&#8221;32px&#8221; header_2_font_size_phone=&#8221;20px&#8221; header_2_font_size_last_edited=&#8221;on|phone&#8221; locked=&#8221;off&#8221; global_colors_info=&#8221;{}&#8221;]<\/p>\n<h2>Conferencias y Talleres<\/h2>\n<p>[\/et_pb_text][\/et_pb_column][\/et_pb_row][et_pb_row _builder_version=&#8221;4.17.6&#8243; _module_preset=&#8221;default&#8221; global_colors_info=&#8221;{}&#8221;][et_pb_column type=&#8221;4_4&#8243; _builder_version=&#8221;4.17.6&#8243; _module_preset=&#8221;default&#8221; global_colors_info=&#8221;{}&#8221;][et_pb_text _builder_version=&#8221;4.17.6&#8243; _module_preset=&#8221;default&#8221; header_4_font=&#8221;|||on|||||&#8221; header_4_text_align=&#8221;center&#8221; header_4_text_color=&#8221;#0C71C3&#8243; header_4_font_size=&#8221;23px&#8221; global_colors_info=&#8221;{}&#8221;]<\/p>\n<h4>Yoga University<\/h4>\n<p>&nbsp;<\/p>\n<p>[\/et_pb_text][\/et_pb_column][\/et_pb_row][et_pb_row column_structure=&#8221;1_2,1_2&#8243; _builder_version=&#8221;4.17.6&#8243; _module_preset=&#8221;default&#8221; global_colors_info=&#8221;{}&#8221;][et_pb_column type=&#8221;1_2&#8243; _builder_version=&#8221;4.16&#8243; _module_preset=&#8221;default&#8221; global_colors_info=&#8221;{}&#8221;][et_pb_blurb title=&#8221;Anita Boser&#8221; use_icon=&#8221;on&#8221; font_icon=&#8221;&#xf18c;||fa||400&#8243; icon_color=&#8221;#ffffff&#8221; image_icon_background_color=&#8221;#0c71c3&#8243; icon_placement=&#8221;left&#8221; content_max_width=&#8221;100%&#8221; _builder_version=&#8221;4.17.6&#8243; _module_preset=&#8221;bbd70754-49fa-4988-ad64-9765b3b8d0fe&#8221; header_font=&#8221;Jost|700|||||||&#8221; header_text_color=&#8221;#000000&#8243; header_line_height=&#8221;1.1em&#8221; body_font_size=&#8221;16px&#8221; body_line_height=&#8221;1.8em&#8221; background_enable_color=&#8221;off&#8221; animation=&#8221;off&#8221; body_font_size_tablet=&#8221;15px&#8221; body_font_size_phone=&#8221;14px&#8221; body_font_size_last_edited=&#8221;on|phone&#8221; border_radii_image=&#8221;on|50px|50px|50px|50px&#8221; border_width_all_image=&#8221;20px&#8221; border_color_all_image=&#8221;RGBA(255,255,255,0)&#8221; locked=&#8221;off&#8221; global_colors_info=&#8221;{}&#8221;]<\/p>\n<p>2018<\/p>\n<ul>\n<li>Facilitating Spinal Fluidity: A Yogic Fountain of Youth<\/li>\n<li>Youthful Spine, Youthful Body<\/li>\n<li>The Role of Fluidity in Healthy Aging<\/li>\n<\/ul>\n<p>[\/et_pb_blurb][\/et_pb_column][et_pb_column type=&#8221;1_2&#8243; _builder_version=&#8221;4.16&#8243; _module_preset=&#8221;default&#8221; global_colors_info=&#8221;{}&#8221;][et_pb_blurb title=&#8221;Baxter Bell&#8221; use_icon=&#8221;on&#8221; font_icon=&#8221;&#xf4d8;||fa||900&#8243; icon_color=&#8221;#FFFFFF&#8221; image_icon_background_color=&#8221;#AA48B5&#8243; icon_placement=&#8221;left&#8221; content_max_width=&#8221;100%&#8221; _builder_version=&#8221;4.17.6&#8243; _module_preset=&#8221;bbd70754-49fa-4988-ad64-9765b3b8d0fe&#8221; header_font=&#8221;Jost|700|||||||&#8221; header_text_color=&#8221;#000000&#8243; header_line_height=&#8221;1.1em&#8221; body_font_size=&#8221;16px&#8221; body_line_height=&#8221;1.8em&#8221; background_enable_color=&#8221;off&#8221; animation=&#8221;off&#8221; body_font_size_tablet=&#8221;15px&#8221; body_font_size_phone=&#8221;14px&#8221; body_font_size_last_edited=&#8221;on|phone&#8221; border_radii_image=&#8221;on|500px|500px|500px|500px&#8221; border_width_all_image=&#8221;20px&#8221; border_color_all_image=&#8221;RGBA(255,255,255,0)&#8221; locked=&#8221;off&#8221; global_colors_info=&#8221;{}&#8221;]<\/p>\n<p>2018<\/p>\n<ul>\n<li>Yoga for High Blood Pressure &amp; Stress Management with Dr. Baxter Bell<\/li>\n<li>Keys to Regulating Health with Yoga: Curbing Chronic Inflammation<\/li>\n<li>Yoga for High Blood Pressure: Principles for Prevention &amp; Practice<br \/>Curbing Inflammation to Prevent Chronic Disease<\/li>\n<li>Yoga for Healthy Aging: Yoga Tools to Keep Your Blood Pressure Balanced<\/li>\n<\/ul>\n<p>&nbsp;<\/p>\n<p>[\/et_pb_blurb][\/et_pb_column][\/et_pb_row][et_pb_row column_structure=&#8221;1_2,1_2&#8243; _builder_version=&#8221;4.17.6&#8243; _module_preset=&#8221;default&#8221; global_colors_info=&#8221;{}&#8221;][et_pb_column type=&#8221;1_2&#8243; _builder_version=&#8221;4.16&#8243; _module_preset=&#8221;default&#8221; global_colors_info=&#8221;{}&#8221;][et_pb_blurb title=&#8221;Doug Keller&#8221; use_icon=&#8221;on&#8221; font_icon=&#8221;&#xf18c;||fa||400&#8243; icon_color=&#8221;#ffffff&#8221; image_icon_background_color=&#8221;#0c71c3&#8243; icon_placement=&#8221;left&#8221; content_max_width=&#8221;100%&#8221; _builder_version=&#8221;4.17.6&#8243; _module_preset=&#8221;bbd70754-49fa-4988-ad64-9765b3b8d0fe&#8221; header_font=&#8221;Jost|700|||||||&#8221; header_text_color=&#8221;#000000&#8243; header_line_height=&#8221;1.1em&#8221; body_font_size=&#8221;16px&#8221; body_line_height=&#8221;1.8em&#8221; background_enable_color=&#8221;off&#8221; animation=&#8221;off&#8221; body_font_size_tablet=&#8221;15px&#8221; body_font_size_phone=&#8221;14px&#8221; body_font_size_last_edited=&#8221;on|phone&#8221; border_radii_image=&#8221;on|50px|50px|50px|50px&#8221; border_width_all_image=&#8221;20px&#8221; border_color_all_image=&#8221;RGBA(255,255,255,0)&#8221; locked=&#8221;off&#8221; global_colors_info=&#8221;{}&#8221;]<\/p>\n<p>2018<\/p>\n<ul>\n<li>Exploring Spinal Alignment &#8220;Working with Scoliosis in Yoga&#8221;<\/li>\n<li>The Key to Improving Alignment in Yoga Postures &#8220;Hamstring Health and Why It Matters&#8221;<\/li>\n<li>Yoga for Healthy Joints &#8220;Counteracting the Effects of Gravity&#8221;<\/li>\n<li>The Origins of Misalignment in Yoga: Focus on Forward Bends<\/li>\n<\/ul>\n<p>[\/et_pb_blurb][\/et_pb_column][et_pb_column type=&#8221;1_2&#8243; _builder_version=&#8221;4.16&#8243; _module_preset=&#8221;default&#8221; global_colors_info=&#8221;{}&#8221;][et_pb_blurb title=&#8221;Ellen Saltonstall &#8221; use_icon=&#8221;on&#8221; font_icon=&#8221;&#xf4d8;||fa||900&#8243; icon_color=&#8221;#FFFFFF&#8221; image_icon_background_color=&#8221;#AA48B5&#8243; icon_placement=&#8221;left&#8221; content_max_width=&#8221;100%&#8221; _builder_version=&#8221;4.17.6&#8243; _module_preset=&#8221;bbd70754-49fa-4988-ad64-9765b3b8d0fe&#8221; header_font=&#8221;Jost|700|||||||&#8221; header_text_color=&#8221;#000000&#8243; header_line_height=&#8221;1.1em&#8221; body_font_size=&#8221;16px&#8221; body_line_height=&#8221;1.8em&#8221; background_enable_color=&#8221;off&#8221; animation=&#8221;off&#8221; body_font_size_tablet=&#8221;15px&#8221; body_font_size_phone=&#8221;14px&#8221; body_font_size_last_edited=&#8221;on|phone&#8221; border_radii_image=&#8221;on|500px|500px|500px|500px&#8221; border_width_all_image=&#8221;20px&#8221; border_color_all_image=&#8221;RGBA(255,255,255,0)&#8221; locked=&#8221;off&#8221; global_colors_info=&#8221;{}&#8221;]<\/p>\n<p>2018<\/p>\n<ul>\n<li>Yoga &amp; Myofascial Release: The Bodymind Ballwork Method<\/li>\n<\/ul>\n<p>[\/et_pb_blurb][\/et_pb_column][\/et_pb_row][et_pb_row column_structure=&#8221;1_2,1_2&#8243; _builder_version=&#8221;4.17.6&#8243; _module_preset=&#8221;default&#8221; global_colors_info=&#8221;{}&#8221;][et_pb_column type=&#8221;1_2&#8243; _builder_version=&#8221;4.16&#8243; _module_preset=&#8221;default&#8221; global_colors_info=&#8221;{}&#8221;][et_pb_blurb title=&#8221;Gill Solberg &#8221; use_icon=&#8221;on&#8221; font_icon=&#8221;&#xf18c;||fa||400&#8243; icon_color=&#8221;#ffffff&#8221; image_icon_background_color=&#8221;#0c71c3&#8243; icon_placement=&#8221;left&#8221; content_max_width=&#8221;100%&#8221; title_tablet=&#8221;Gill Solberg &#8221; title_phone=&#8221;Gill Solberg &#8221; title_last_edited=&#8221;on|desktop&#8221; _builder_version=&#8221;4.17.6&#8243; _module_preset=&#8221;bbd70754-49fa-4988-ad64-9765b3b8d0fe&#8221; header_font=&#8221;Jost|700|||||||&#8221; header_text_color=&#8221;#000000&#8243; header_line_height=&#8221;1.1em&#8221; body_font_size=&#8221;16px&#8221; body_line_height=&#8221;1.8em&#8221; background_enable_color=&#8221;off&#8221; animation=&#8221;off&#8221; body_font_size_tablet=&#8221;15px&#8221; body_font_size_phone=&#8221;14px&#8221; body_font_size_last_edited=&#8221;on|phone&#8221; border_radii_image=&#8221;on|50px|50px|50px|50px&#8221; border_width_all_image=&#8221;20px&#8221; border_color_all_image=&#8221;RGBA(255,255,255,0)&#8221; locked=&#8221;off&#8221; global_colors_info=&#8221;{}&#8221;]<\/p>\n<p>2017<\/p>\n<ul>\n<li>Yoga for Posture Improvement The Kinesiology of Posture and the Biomechanics of Healthy Aging<\/li>\n<li>Yoga for Healthy Aging: Balance, Stability, and Posture in Yoga Therapy<\/li>\n<\/ul>\n<p>[\/et_pb_blurb][\/et_pb_column][et_pb_column type=&#8221;1_2&#8243; _builder_version=&#8221;4.16&#8243; _module_preset=&#8221;default&#8221; global_colors_info=&#8221;{}&#8221;][\/et_pb_column][\/et_pb_row][et_pb_row _builder_version=&#8221;4.17.6&#8243; _module_preset=&#8221;default&#8221; global_colors_info=&#8221;{}&#8221;][et_pb_column type=&#8221;4_4&#8243; _builder_version=&#8221;4.17.6&#8243; _module_preset=&#8221;default&#8221; global_colors_info=&#8221;{}&#8221;][et_pb_text _builder_version=&#8221;4.17.6&#8243; _module_preset=&#8221;default&#8221; header_4_font=&#8221;|||on|||||&#8221; header_4_text_align=&#8221;center&#8221; header_4_text_color=&#8221;#0C71C3&#8243; header_4_font_size=&#8221;23px&#8221; global_colors_info=&#8221;{}&#8221;]<\/p>\n<h4>Yoga International<\/h4>\n<p>&nbsp;<\/p>\n<p>[\/et_pb_text][\/et_pb_column][\/et_pb_row][et_pb_row column_structure=&#8221;1_2,1_2&#8243; _builder_version=&#8221;4.17.6&#8243; _module_preset=&#8221;default&#8221; global_colors_info=&#8221;{}&#8221;][et_pb_column type=&#8221;1_2&#8243; _builder_version=&#8221;4.16&#8243; _module_preset=&#8221;default&#8221; global_colors_info=&#8221;{}&#8221;][et_pb_blurb title=&#8221;YIN YOGA TO WIND YOU DOWN CHALLENGE&#8221; use_icon=&#8221;on&#8221; font_icon=&#8221;&#xf18c;||fa||400&#8243; icon_color=&#8221;#ffffff&#8221; image_icon_background_color=&#8221;#0c71c3&#8243; icon_placement=&#8221;left&#8221; content_max_width=&#8221;100%&#8221; _builder_version=&#8221;4.17.6&#8243; _module_preset=&#8221;bbd70754-49fa-4988-ad64-9765b3b8d0fe&#8221; header_font=&#8221;Jost|700|||||||&#8221; header_text_color=&#8221;#000000&#8243; header_line_height=&#8221;1.1em&#8221; body_font_size=&#8221;16px&#8221; body_line_height=&#8221;1.8em&#8221; background_enable_color=&#8221;off&#8221; animation=&#8221;off&#8221; body_font_size_tablet=&#8221;15px&#8221; body_font_size_phone=&#8221;14px&#8221; body_font_size_last_edited=&#8221;on|phone&#8221; border_radii_image=&#8221;on|50px|50px|50px|50px&#8221; border_width_all_image=&#8221;20px&#8221; border_color_all_image=&#8221;RGBA(255,255,255,0)&#8221; locked=&#8221;off&#8221; global_colors_info=&#8221;{}&#8221;]<\/p>\n<p><strong>IAYT 2017\u00a0 <b>|<span> \u00a0<\/span><\/b><\/strong><strong>IAYT 2018<\/strong><\/p>\n<p>Corina Benner<\/p>\n<p><span style=\"color: #3366ff;\">Yin Yoga to wind you down challenge<\/span><\/p>\n<p>Gary Kraftsow<\/p>\n<p><span style=\"color: #3366ff;\">Yoga Therapy For Anxiety<\/span><\/p>\n<p>Aadil Palkhivala<\/p>\n<p><span style=\"color: #3366ff;\">Yoga for Neck and Shoulder Pain<\/span><\/p>\n<p>Dianne Bondy<\/p>\n<p><span style=\"color: #3366ff;\">Yoga for all: mini-training for teachers. Relieve tension in the psoas<\/span><\/p>\n<p>Aadil palkhivala<\/p>\n<p><span style=\"color: #3366ff;\">Yoga for lower back pain<\/span><\/p>\n<p>Sarah Auglielmi<\/p>\n<p><span style=\"color: #3366ff;\">Yoga for your dosha<\/span><\/p>\n<p>[\/et_pb_blurb][\/et_pb_column][et_pb_column type=&#8221;1_2&#8243; _builder_version=&#8221;4.16&#8243; _module_preset=&#8221;default&#8221; global_colors_info=&#8221;{}&#8221;][et_pb_blurb title=&#8221;ANATOMY AND YOGA THERAPY CONFERENCE&#8221; use_icon=&#8221;on&#8221; font_icon=&#8221;&#xf4d8;||fa||900&#8243; icon_color=&#8221;#FFFFFF&#8221; image_icon_background_color=&#8221;#AA48B5&#8243; icon_placement=&#8221;left&#8221; content_max_width=&#8221;100%&#8221; _builder_version=&#8221;4.17.6&#8243; _module_preset=&#8221;bbd70754-49fa-4988-ad64-9765b3b8d0fe&#8221; header_font=&#8221;Jost|700|||||||&#8221; header_text_color=&#8221;#000000&#8243; header_line_height=&#8221;1.1em&#8221; body_font_size=&#8221;16px&#8221; body_line_height=&#8221;1.8em&#8221; background_enable_color=&#8221;off&#8221; animation=&#8221;off&#8221; body_font_size_tablet=&#8221;15px&#8221; body_font_size_phone=&#8221;14px&#8221; body_font_size_last_edited=&#8221;on|phone&#8221; border_radii_image=&#8221;on|500px|500px|500px|500px&#8221; border_width_all_image=&#8221;20px&#8221; border_color_all_image=&#8221;RGBA(255,255,255,0)&#8221; locked=&#8221;off&#8221; global_colors_info=&#8221;{}&#8221;]<\/p>\n<p><strong>IAYT 2017\u00a0 <b>|<span> \u00a0<\/span><\/b><\/strong><strong>IAYT 2018<\/strong><\/p>\n<p>Bernie Clark:<\/p>\n<p><span style=\"color: #993366;\">Antifragility and Human Variation<\/span><\/p>\n<p>Tiffany Cruikshank<\/p>\n<p><span style=\"color: #993366;\">Yoga and Lower Back Pain<\/span><\/p>\n<p>Kathryn Templeton<\/p>\n<p><span style=\"color: #993366;\">Ayurvedic Yoga Therapy for Chronic Pain Management<\/span><\/p>\n<p>Aadil Palkhivala<\/p>\n<p><span style=\"color: #993366;\">Yoga Therapy for Headache Relief<\/span><\/p>\n<p>Christina Sell<\/p>\n<p><span style=\"color: #993366;\">A Trip Around the Hips<\/span><\/p>\n<p>Maggie Reagh<\/p>\n<p><span style=\"color: #993366;\">Yoga Therapy for Scoliosis<\/span><\/p>\n<p>Molly Birkholm<\/p>\n<p><span style=\"color: #993366;\">Yoga as a Healing Modality for Trauma<\/span><\/p>\n<p>Steffany Moonaz<\/p>\n<p><span style=\"color: #993366;\">Yoga Therapy for Wrist Pain and Conditions<\/span><\/p>\n<p>Jill Miller<\/p>\n<p><span style=\"color: #993366;\">Fascia: function, physiology, and application<\/span><\/p>\n<p>[\/et_pb_blurb][\/et_pb_column][\/et_pb_row][\/et_pb_section][et_pb_section fb_built=&#8221;1&#8243; custom_padding_last_edited=&#8221;on|phone&#8221; admin_label=&#8221;Footer&#8221; _builder_version=&#8221;4.17.6&#8243; _module_preset=&#8221;default&#8221; background_color=&#8221;#000000&#8243; use_background_color_gradient=&#8221;on&#8221; background_color_gradient_direction=&#8221;200deg&#8221; background_color_gradient_stops=&#8221;rgba(255,255,255,0) 0%|rgba(0,0,0,0.32) 100%&#8221; background_color_gradient_overlays_image=&#8221;on&#8221; background_color_gradient_start=&#8221;rgba(255,255,255,0)&#8221; background_color_gradient_end=&#8221;rgba(0,0,0,0.32)&#8221; background_image=&#8221;https:\/\/amyt.org\/wp-content\/uploads\/2022\/08\/footer-site.png&#8221; z_index=&#8221;374&#8243; custom_padding=&#8221;80px||||false|false&#8221; custom_padding_tablet=&#8221;50px||50px||true|false&#8221; custom_padding_phone=&#8221;30px||30px||true|false&#8221; saved_tabs=&#8221;all&#8221; locked=&#8221;off&#8221; global_colors_info=&#8221;{}&#8221;][et_pb_row column_structure=&#8221;1_2,1_2&#8243; _builder_version=&#8221;4.17.6&#8243; _module_preset=&#8221;default&#8221; custom_padding=&#8221;0px||||false|false&#8221; global_colors_info=&#8221;{}&#8221;][et_pb_column type=&#8221;1_2&#8243; _builder_version=&#8221;4.17.6&#8243; _module_preset=&#8221;default&#8221; background_color=&#8221;#000000&#8243; z_index=&#8221;500&#8243; custom_padding=&#8221;40px|40px|40px|40px|true|true&#8221; custom_padding_tablet=&#8221;30px|30px|30px|30px|true|true&#8221; custom_padding_phone=&#8221;20px|20px|20px|20px|true|true&#8221; custom_padding_last_edited=&#8221;on|phone&#8221; border_radii=&#8221;on|30px|30px|30px|30px&#8221; border_radii_tablet=&#8221;off|0px|0px|30px|30px&#8221; border_radii_phone=&#8221;off|0px|0px|30px|30px&#8221; border_radii_last_edited=&#8221;off|tablet&#8221; box_shadow_style=&#8221;preset2&#8243; box_shadow_horizontal=&#8221;0px&#8221; box_shadow_vertical=&#8221;40px&#8221; box_shadow_blur=&#8221;40px&#8221; box_shadow_color=&#8221;rgba(20,18,40,0.05)&#8221; global_colors_info=&#8221;{}&#8221;][et_pb_text _builder_version=&#8221;4.17.6&#8243; _module_preset=&#8221;0c6bc8be-1265-496d-a8dc-bc5e9a9a9edf&#8221; header_font=&#8221;||||||||&#8221; header_3_font=&#8221;Jost|700||on|||||&#8221; header_3_text_color=&#8221;#FFFFFF&#8221; header_3_font_size=&#8221;40px&#8221; header_3_line_height=&#8221;1.2em&#8221; header_3_font_size_tablet=&#8221;20px&#8221; header_3_font_size_phone=&#8221;16px&#8221; header_3_font_size_last_edited=&#8221;on|phone&#8221; global_colors_info=&#8221;{}&#8221;]<\/p>\n<h3>Contacto<\/h3>\n<p>[\/et_pb_text][et_pb_contact_form captcha=&#8221;off&#8221; success_message=&#8221;Gracias a la brevedad nos ponemos en contacto&#8221; submit_button_text=&#8221;Enviar&#8221; _builder_version=&#8221;4.17.6&#8243; _module_preset=&#8221;acc3c2e0-99d7-442e-ab21-a6c090694bb5&#8243; _unique_id=&#8221;a198cf51-7792-4f65-bd01-ddb746889587&#8243; form_field_background_color=&#8221;rgba(138,105,155,0.94)&#8221; form_field_text_color=&#8221;#000000&#8243; form_field_font=&#8221;|700||on|||||&#8221; form_field_font_size=&#8221;12px&#8221; form_field_letter_spacing=&#8221;0.2em&#8221; custom_button=&#8221;on&#8221; button_text_size=&#8221;14px&#8221; button_text_color=&#8221;#000000&#8243; button_bg_color=&#8221;rgba(138,105,155,0.94)&#8221; button_border_width=&#8221;0px&#8221; button_border_radius=&#8221;10px&#8221; button_letter_spacing=&#8221;0.2em&#8221; button_font=&#8221;|700||on|||||&#8221; button_custom_margin=&#8221;10px||||false|false&#8221; button_custom_padding=&#8221;15px|30px|15px|30px|true|true&#8221; border_radii=&#8221;on|10px|10px|10px|10px&#8221; locked=&#8221;off&#8221; global_colors_info=&#8221;{}&#8221;][et_pb_contact_field field_id=&#8221;Name&#8221; field_title=&#8221;Nombre&#8221; max_length=&#8221;255&#8243; allowed_symbols=&#8221;letters&#8221; fullwidth_field=&#8221;on&#8221; _builder_version=&#8221;4.17.6&#8243; _module_preset=&#8221;default&#8221; global_colors_info=&#8221;{}&#8221; button_text_size__hover_enabled=&#8221;off&#8221; button_one_text_size__hover_enabled=&#8221;off&#8221; button_two_text_size__hover_enabled=&#8221;off&#8221; button_text_color__hover_enabled=&#8221;off&#8221; button_one_text_color__hover_enabled=&#8221;off&#8221; button_two_text_color__hover_enabled=&#8221;off&#8221; button_border_width__hover_enabled=&#8221;off&#8221; button_one_border_width__hover_enabled=&#8221;off&#8221; button_two_border_width__hover_enabled=&#8221;off&#8221; button_border_color__hover_enabled=&#8221;off&#8221; button_one_border_color__hover_enabled=&#8221;off&#8221; button_two_border_color__hover_enabled=&#8221;off&#8221; button_border_radius__hover_enabled=&#8221;off&#8221; button_one_border_radius__hover_enabled=&#8221;off&#8221; button_two_border_radius__hover_enabled=&#8221;off&#8221; button_letter_spacing__hover_enabled=&#8221;off&#8221; button_one_letter_spacing__hover_enabled=&#8221;off&#8221; button_two_letter_spacing__hover_enabled=&#8221;off&#8221; button_bg_color__hover_enabled=&#8221;off&#8221; button_one_bg_color__hover_enabled=&#8221;off&#8221; button_two_bg_color__hover_enabled=&#8221;off&#8221;][\/et_pb_contact_field][et_pb_contact_field field_id=&#8221;Email&#8221; field_title=&#8221;Correo electr\u00f3nico&#8221; field_type=&#8221;email&#8221; fullwidth_field=&#8221;on&#8221; _builder_version=&#8221;4.17.6&#8243; _module_preset=&#8221;default&#8221; global_colors_info=&#8221;{}&#8221; button_text_size__hover_enabled=&#8221;off&#8221; button_one_text_size__hover_enabled=&#8221;off&#8221; button_two_text_size__hover_enabled=&#8221;off&#8221; button_text_color__hover_enabled=&#8221;off&#8221; button_one_text_color__hover_enabled=&#8221;off&#8221; button_two_text_color__hover_enabled=&#8221;off&#8221; button_border_width__hover_enabled=&#8221;off&#8221; button_one_border_width__hover_enabled=&#8221;off&#8221; button_two_border_width__hover_enabled=&#8221;off&#8221; button_border_color__hover_enabled=&#8221;off&#8221; button_one_border_color__hover_enabled=&#8221;off&#8221; button_two_border_color__hover_enabled=&#8221;off&#8221; button_border_radius__hover_enabled=&#8221;off&#8221; button_one_border_radius__hover_enabled=&#8221;off&#8221; button_two_border_radius__hover_enabled=&#8221;off&#8221; button_letter_spacing__hover_enabled=&#8221;off&#8221; button_one_letter_spacing__hover_enabled=&#8221;off&#8221; button_two_letter_spacing__hover_enabled=&#8221;off&#8221; button_bg_color__hover_enabled=&#8221;off&#8221; button_one_bg_color__hover_enabled=&#8221;off&#8221; button_two_bg_color__hover_enabled=&#8221;off&#8221;][\/et_pb_contact_field][et_pb_contact_field field_id=&#8221;Message&#8221; field_title=&#8221;Mensaje&#8221; field_type=&#8221;text&#8221; fullwidth_field=&#8221;on&#8221; _builder_version=&#8221;4.17.6&#8243; _module_preset=&#8221;default&#8221; global_colors_info=&#8221;{}&#8221; button_text_size__hover_enabled=&#8221;off&#8221; button_one_text_size__hover_enabled=&#8221;off&#8221; button_two_text_size__hover_enabled=&#8221;off&#8221; button_text_color__hover_enabled=&#8221;off&#8221; button_one_text_color__hover_enabled=&#8221;off&#8221; button_two_text_color__hover_enabled=&#8221;off&#8221; button_border_width__hover_enabled=&#8221;off&#8221; button_one_border_width__hover_enabled=&#8221;off&#8221; button_two_border_width__hover_enabled=&#8221;off&#8221; button_border_color__hover_enabled=&#8221;off&#8221; button_one_border_color__hover_enabled=&#8221;off&#8221; button_two_border_color__hover_enabled=&#8221;off&#8221; button_border_radius__hover_enabled=&#8221;off&#8221; button_one_border_radius__hover_enabled=&#8221;off&#8221; button_two_border_radius__hover_enabled=&#8221;off&#8221; button_letter_spacing__hover_enabled=&#8221;off&#8221; button_one_letter_spacing__hover_enabled=&#8221;off&#8221; button_two_letter_spacing__hover_enabled=&#8221;off&#8221; button_bg_color__hover_enabled=&#8221;off&#8221; button_one_bg_color__hover_enabled=&#8221;off&#8221; button_two_bg_color__hover_enabled=&#8221;off&#8221;][\/et_pb_contact_field][\/et_pb_contact_form][\/et_pb_column][et_pb_column type=&#8221;1_2&#8243; _builder_version=&#8221;4.17.6&#8243; _module_preset=&#8221;default&#8221; background_color=&#8221;#807596&#8243; transform_scale_tablet=&#8221;&#8221; transform_scale_phone=&#8221;&#8221; transform_scale_last_edited=&#8221;on|tablet&#8221; transform_translate=&#8221;0px|-80px&#8221; transform_translate_tablet=&#8221;0px|0px&#8221; transform_translate_phone=&#8221;&#8221; transform_translate_last_edited=&#8221;on|tablet&#8221; transform_translate_linked=&#8221;off&#8221; transform_rotate_tablet=&#8221;&#8221; transform_rotate_phone=&#8221;&#8221; transform_rotate_last_edited=&#8221;on|tablet&#8221; transform_skew_tablet=&#8221;&#8221; transform_skew_phone=&#8221;&#8221; transform_skew_last_edited=&#8221;on|tablet&#8221; transform_origin_tablet=&#8221;&#8221; transform_origin_phone=&#8221;&#8221; transform_origin_last_edited=&#8221;on|tablet&#8221; transform_styles_last_edited=&#8221;on|tablet&#8221; z_index=&#8221;500&#8243; custom_padding=&#8221;40px|40px|40px|40px|true|true&#8221; custom_padding_tablet=&#8221;30px|30px|30px|30px|true|true&#8221; custom_padding_phone=&#8221;20px|20px|20px|20px|true|true&#8221; custom_padding_last_edited=&#8221;on|phone&#8221; transform_styles_tablet=&#8221;&#8221; transform_styles_phone=&#8221;&#8221; border_radii=&#8221;off|||30px|30px&#8221; border_radii_tablet=&#8221;off|30px|30px|30px|30px&#8221; border_radii_phone=&#8221;off|30px|30px|30px|30px&#8221; border_radii_last_edited=&#8221;on|phone&#8221; global_colors_info=&#8221;{}&#8221;][et_pb_image src=&#8221;https:\/\/amyt.org\/wp-content\/uploads\/2022\/08\/Gaby_Morales_Formacion_5.jpg&#8221; title_text=&#8221;Gaby_Morales_Formacion_5&#8243; _builder_version=&#8221;4.17.6&#8243; _module_preset=&#8221;default&#8221; global_colors_info=&#8221;{}&#8221;][\/et_pb_image][\/et_pb_column][\/et_pb_row][et_pb_row column_structure=&#8221;1_2,1_2&#8243; _builder_version=&#8221;4.16&#8243; _module_preset=&#8221;default&#8221; global_colors_info=&#8221;{}&#8221;][et_pb_column type=&#8221;1_2&#8243; _builder_version=&#8221;4.16&#8243; _module_preset=&#8221;default&#8221; global_colors_info=&#8221;{}&#8221;][et_pb_text _builder_version=&#8221;4.17.6&#8243; _module_preset=&#8221;38128ce4-78a8-4c45-b3ff-f4fb37f074f0&#8243; text_font=&#8221;|||||on|||&#8221; text_text_color=&#8221;#000000&#8243; header_font=&#8221;||||||||&#8221; header_4_font=&#8221;Jost|700|||||||&#8221; header_4_text_color=&#8221;#FFFFFF&#8221; header_4_line_height=&#8221;1.3em&#8221; custom_margin=&#8221;||10px||false|false&#8221; header_4_font_size_tablet=&#8221;16px&#8221; header_4_font_size_phone=&#8221;14px&#8221; header_4_font_size_last_edited=&#8221;on|tablet&#8221; locked=&#8221;off&#8221; global_colors_info=&#8221;{}&#8221;]<\/p>\n<h4><span style=\"color: #800080;\">Tel\u00e9fono<\/span><\/h4>\n<p>[\/et_pb_text][et_pb_text _builder_version=&#8221;4.17.6&#8243; _module_preset=&#8221;22d0da71-6393-430b-a0cd-b77dd565e85c&#8221; text_text_color=&#8221;#000000&#8243; text_font_size=&#8221;16px&#8221; text_line_height=&#8221;1.8em&#8221; text_font_size_tablet=&#8221;15px&#8221; text_font_size_phone=&#8221;14px&#8221; text_font_size_last_edited=&#8221;on|phone&#8221; header_font_size_tablet=&#8221;55px&#8221; header_font_size_last_edited=&#8221;off|desktop&#8221; locked=&#8221;off&#8221; global_colors_info=&#8221;{}&#8221;]<\/p>\n<p>+52 55 2966 6863<\/p>\n<p>[\/et_pb_text][\/et_pb_column][et_pb_column type=&#8221;1_2&#8243; _builder_version=&#8221;4.16&#8243; _module_preset=&#8221;default&#8221; global_colors_info=&#8221;{}&#8221;][et_pb_text _builder_version=&#8221;4.17.6&#8243; _module_preset=&#8221;38128ce4-78a8-4c45-b3ff-f4fb37f074f0&#8243; header_font=&#8221;||||||||&#8221; header_4_font=&#8221;Jost|700|||||||&#8221; header_4_text_color=&#8221;#FFFFFF&#8221; header_4_line_height=&#8221;1.3em&#8221; custom_margin=&#8221;||10px||false|false&#8221; header_4_font_size_tablet=&#8221;16px&#8221; header_4_font_size_phone=&#8221;14px&#8221; header_4_font_size_last_edited=&#8221;on|tablet&#8221; locked=&#8221;off&#8221; global_colors_info=&#8221;{}&#8221;]<\/p>\n<h4>S\u00edgueme<\/h4>\n<p>[\/et_pb_text][et_pb_social_media_follow _builder_version=&#8221;4.17.6&#8243; _module_preset=&#8221;default&#8221; global_colors_info=&#8221;{}&#8221;][et_pb_social_media_follow_network social_network=&#8221;facebook&#8221; url=&#8221;https:\/\/www.facebook.com\/gabriela.m.estrada&#8221; _builder_version=&#8221;4.17.6&#8243; _module_preset=&#8221;default&#8221; background_color=&#8221;#3b5998&#8243; global_colors_info=&#8221;{}&#8221; follow_button=&#8221;off&#8221; url_new_window=&#8221;on&#8221;]facebook[\/et_pb_social_media_follow_network][\/et_pb_social_media_follow][\/et_pb_column][\/et_pb_row][\/et_pb_section]<\/p>\n","protected":false},"excerpt":{"rendered":"<p>Acerca deGabriela Elena Morales Estrada \u00a0 \u00a0 Maestra de Yoga y Yogaterapia altamente profesional en continuo\u00a0 aprendizaje en diferentes \u00e1reas del Yoga Terap\u00e9utico. Desde 2003 me he capacitado, entrenado y certificado en distintas instituciones nacionales (M\u00e9xico) e internacionales ( Estados Unidos, Argentina, Colombia, India y Europa); siendo la \u00fanica mexicana poseedora de esta capacitaci\u00f3n. Una [&hellip;]<\/p>\n","protected":false},"author":1,"featured_media":0,"parent":328,"menu_order":0,"comment_status":"closed","ping_status":"closed","template":"","meta":{"_et_pb_use_builder":"on","_et_pb_old_content":"","_et_gb_content_width":"","footnotes":""},"class_list":["post-195","page","type-page","status-publish","hentry"],"_links":{"self":[{"href":"https:\/\/amyt.org\/index.php\/wp-json\/wp\/v2\/pages\/195","targetHints":{"allow":["GET"]}}],"collection":[{"href":"https:\/\/amyt.org\/index.php\/wp-json\/wp\/v2\/pages"}],"about":[{"href":"https:\/\/amyt.org\/index.php\/wp-json\/wp\/v2\/types\/page"}],"author":[{"embeddable":true,"href":"https:\/\/amyt.org\/index.php\/wp-json\/wp\/v2\/users\/1"}],"replies":[{"embeddable":true,"href":"https:\/\/amyt.org\/index.php\/wp-json\/wp\/v2\/comments?post=195"}],"version-history":[{"count":36,"href":"https:\/\/amyt.org\/index.php\/wp-json\/wp\/v2\/pages\/195\/revisions"}],"predecessor-version":[{"id":418,"href":"https:\/\/amyt.org\/index.php\/wp-json\/wp\/v2\/pages\/195\/revisions\/418"}],"up":[{"embeddable":true,"href":"https:\/\/amyt.org\/index.php\/wp-json\/wp\/v2\/pages\/328"}],"wp:attachment":[{"href":"https:\/\/amyt.org\/index.php\/wp-json\/wp\/v2\/media?parent=195"}],"curies":[{"name":"wp","href":"https:\/\/api.w.org\/{rel}","templated":true}]}}